{"id":12623,"date":"2018-04-06T15:03:57","date_gmt":"2018-04-06T18:03:57","guid":{"rendered":"http:\/\/sol.fm.br\/radio\/?page_id=12623"},"modified":"2018-04-06T16:34:45","modified_gmt":"2018-04-06T19:34:45","slug":"sol-fm","status":"publish","type":"page","link":"http:\/\/sol.fm.br\/radio\/","title":{"rendered":"Home 2018 Radio Sol FM 107,3"},"content":{"rendered":"<div id=\"dslc-theme-content\"><div id=\"dslc-theme-content-inner\"><div id=\"dslc-main\">\n<div  class=\"dslc-modules-section  dslc-valign-  dslc-halign- \" style=\"padding-bottom:18px;padding-top:18px;\" data-section-id=\"88f790e4548\">\n<div class=\"dslc-modules-section-wrapper dslc-clearfix\">\n<style type=\"text\/css\" id=\"dslca-modules-area-7e3ff998541\">.dslc-modules-area[data-modules-area-id=\"7e3ff998541\"] {:px;margin-bottom:0px;:px;border-width:0px;border-style:solid;border-top-style: hidden; border-right-style: hidden; border-bottom-style: hidden; border-left-style: hidden; }<\/style>\n<div  class=\"dslc-modules-area dslc-col dslc-9-col dslc-first-col dslc-valign-  dslc-halign- \" data-size=\"9\" data-valign=\"\" data-modules-area-id=\"7e3ff998541\" >\n<div id=\"dslc-module-6d8bc4ebd66\" class=\"dslc-module-front dslc-module-DSLC_TP_Gallery_Slider dslc-in-viewport-check dslc-in-viewport-anim-none  dslc-col dslc-12-col dslc-last-col dslc-hide-on-phone  dslc-module-handle-like-regular \" data-module-id=\"6d8bc4ebd66\" data-module=\"DSLC_TP_Gallery_Slider\" data-dslc-module-size=\"12\" data-dslc-anim=\"none\" data-dslc-anim-delay=\"\" data-dslc-anim-duration=\"650\"  data-dslc-anim-easing=\"ease\" data-dslc-preset=\"none\" >\n<div class=\"dslc-tp-gallery-slider\">\n<div class=\"dslc-tp-gallery-slider-main\">\n<div class=\"dslc-loader\"><\/div>\n<div class=\"dslc-slider\"  data-animation=\"backSlide\" data-animation-speed=\"800\" data-autoplay=\"6000\" data-flexible-height=\"true\">\n<div class=\"dslc-slider-item\"><span class=\"dslc-caption\"><\/span><img decoding=\"async\" class=\"\" src=\"http:\/\/sol.fm.br\/radio\/wp-content\/uploads\/2018\/04\/WhatsApp-Image-2023-07-12-at-16.54.01-4.jpeg\" alt=\"\" title=\"WhatsApp Image 2023-07-12 at 16.54.01 (4)\" srcset=\"http:\/\/sol.fm.br\/radio\/wp-content\/uploads\/2018\/04\/WhatsApp-Image-2023-07-12-at-16.54.01-4.jpeg 1600w, http:\/\/sol.fm.br\/radio\/wp-content\/uploads\/2018\/04\/WhatsApp-Image-2023-07-12-at-16.54.01-4-400x225.jpeg 400w, http:\/\/sol.fm.br\/radio\/wp-content\/uploads\/2018\/04\/WhatsApp-Image-2023-07-12-at-16.54.01-4-768x432.jpeg 768w, http:\/\/sol.fm.br\/radio\/wp-content\/uploads\/2018\/04\/WhatsApp-Image-2023-07-12-at-16.54.01-4-1536x863.jpeg 1536w\" sizes=\"(max-width: 1600px) 100vw, 1600px\" \/><\/div>\n<div class=\"dslc-slider-item\"><span class=\"dslc-caption\"><\/span><img decoding=\"async\" class=\"\" src=\"http:\/\/sol.fm.br\/radio\/wp-content\/uploads\/2018\/04\/WhatsApp-Image-2023-07-12-at-16.54.00.jpeg\" alt=\"\" title=\"WhatsApp Image 2023-07-12 at 16.54.00\" srcset=\"http:\/\/sol.fm.br\/radio\/wp-content\/uploads\/2018\/04\/WhatsApp-Image-2023-07-12-at-16.54.00.jpeg 1600w, http:\/\/sol.fm.br\/radio\/wp-content\/uploads\/2018\/04\/WhatsApp-Image-2023-07-12-at-16.54.00-400x225.jpeg 400w, http:\/\/sol.fm.br\/radio\/wp-content\/uploads\/2018\/04\/WhatsApp-Image-2023-07-12-at-16.54.00-768x432.jpeg 768w, http:\/\/sol.fm.br\/radio\/wp-content\/uploads\/2018\/04\/WhatsApp-Image-2023-07-12-at-16.54.00-1536x863.jpeg 1536w\" sizes=\"(max-width: 1600px) 100vw, 1600px\" \/><\/div>\n<div class=\"dslc-slider-item\"><span class=\"dslc-caption\"><\/span><img decoding=\"async\" class=\"\" src=\"http:\/\/sol.fm.br\/radio\/wp-content\/uploads\/2018\/04\/WhatsApp-Image-2023-07-12-at-16.54.00-1.jpeg\" alt=\"\" title=\"WhatsApp Image 2023-07-12 at 16.54.00 (1)\" srcset=\"http:\/\/sol.fm.br\/radio\/wp-content\/uploads\/2018\/04\/WhatsApp-Image-2023-07-12-at-16.54.00-1.jpeg 1600w, http:\/\/sol.fm.br\/radio\/wp-content\/uploads\/2018\/04\/WhatsApp-Image-2023-07-12-at-16.54.00-1-400x225.jpeg 400w, http:\/\/sol.fm.br\/radio\/wp-content\/uploads\/2018\/04\/WhatsApp-Image-2023-07-12-at-16.54.00-1-768x432.jpeg 768w, http:\/\/sol.fm.br\/radio\/wp-content\/uploads\/2018\/04\/WhatsApp-Image-2023-07-12-at-16.54.00-1-1536x863.jpeg 1536w\" sizes=\"(max-width: 1600px) 100vw, 1600px\" \/><\/div>\n<div class=\"dslc-slider-item\"><span class=\"dslc-caption\"><\/span><img decoding=\"async\" class=\"\" src=\"http:\/\/sol.fm.br\/radio\/wp-content\/uploads\/2018\/04\/WhatsApp-Image-2023-07-12-at-16.54.01-3.jpeg\" alt=\"\" title=\"WhatsApp Image 2023-07-12 at 16.54.01 (3)\" srcset=\"http:\/\/sol.fm.br\/radio\/wp-content\/uploads\/2018\/04\/WhatsApp-Image-2023-07-12-at-16.54.01-3.jpeg 1600w, http:\/\/sol.fm.br\/radio\/wp-content\/uploads\/2018\/04\/WhatsApp-Image-2023-07-12-at-16.54.01-3-400x225.jpeg 400w, http:\/\/sol.fm.br\/radio\/wp-content\/uploads\/2018\/04\/WhatsApp-Image-2023-07-12-at-16.54.01-3-768x432.jpeg 768w, http:\/\/sol.fm.br\/radio\/wp-content\/uploads\/2018\/04\/WhatsApp-Image-2023-07-12-at-16.54.01-3-1536x863.jpeg 1536w\" sizes=\"(max-width: 1600px) 100vw, 1600px\" \/><\/div>\n<div class=\"dslc-slider-item\"><span class=\"dslc-caption\"><\/span><img decoding=\"async\" class=\"\" src=\"http:\/\/sol.fm.br\/radio\/wp-content\/uploads\/2018\/04\/WhatsApp-Image-2023-07-12-at-16.54.01-2.jpeg\" alt=\"\" title=\"WhatsApp Image 2023-07-12 at 16.54.01 (2)\" srcset=\"http:\/\/sol.fm.br\/radio\/wp-content\/uploads\/2018\/04\/WhatsApp-Image-2023-07-12-at-16.54.01-2.jpeg 1600w, http:\/\/sol.fm.br\/radio\/wp-content\/uploads\/2018\/04\/WhatsApp-Image-2023-07-12-at-16.54.01-2-400x225.jpeg 400w, http:\/\/sol.fm.br\/radio\/wp-content\/uploads\/2018\/04\/WhatsApp-Image-2023-07-12-at-16.54.01-2-768x432.jpeg 768w, http:\/\/sol.fm.br\/radio\/wp-content\/uploads\/2018\/04\/WhatsApp-Image-2023-07-12-at-16.54.01-2-1536x863.jpeg 1536w\" sizes=\"(max-width: 1600px) 100vw, 1600px\" \/><\/div>\n<div class=\"dslc-slider-item\"><span class=\"dslc-caption\"><\/span><img decoding=\"async\" class=\"\" src=\"http:\/\/sol.fm.br\/radio\/wp-content\/uploads\/2018\/04\/WhatsApp-Image-2023-07-12-at-16.54.01-1.jpeg\" alt=\"\" title=\"WhatsApp Image 2023-07-12 at 16.54.01 (1)\" srcset=\"http:\/\/sol.fm.br\/radio\/wp-content\/uploads\/2018\/04\/WhatsApp-Image-2023-07-12-at-16.54.01-1.jpeg 1600w, http:\/\/sol.fm.br\/radio\/wp-content\/uploads\/2018\/04\/WhatsApp-Image-2023-07-12-at-16.54.01-1-400x225.jpeg 400w, http:\/\/sol.fm.br\/radio\/wp-content\/uploads\/2018\/04\/WhatsApp-Image-2023-07-12-at-16.54.01-1-768x432.jpeg 768w, http:\/\/sol.fm.br\/radio\/wp-content\/uploads\/2018\/04\/WhatsApp-Image-2023-07-12-at-16.54.01-1-1536x863.jpeg 1536w\" sizes=\"(max-width: 1600px) 100vw, 1600px\" \/><\/div>\n<div class=\"dslc-slider-item\"><span class=\"dslc-caption\"><\/span><img decoding=\"async\" class=\"\" src=\"http:\/\/sol.fm.br\/radio\/wp-content\/uploads\/2018\/04\/WhatsApp-Image-2023-07-12-at-16.54.01-5.jpeg\" alt=\"\" title=\"WhatsApp Image 2023-07-12 at 16.54.01 (5)\" srcset=\"http:\/\/sol.fm.br\/radio\/wp-content\/uploads\/2018\/04\/WhatsApp-Image-2023-07-12-at-16.54.01-5.jpeg 1600w, http:\/\/sol.fm.br\/radio\/wp-content\/uploads\/2018\/04\/WhatsApp-Image-2023-07-12-at-16.54.01-5-400x225.jpeg 400w, http:\/\/sol.fm.br\/radio\/wp-content\/uploads\/2018\/04\/WhatsApp-Image-2023-07-12-at-16.54.01-5-768x432.jpeg 768w, http:\/\/sol.fm.br\/radio\/wp-content\/uploads\/2018\/04\/WhatsApp-Image-2023-07-12-at-16.54.01-5-1536x863.jpeg 1536w\" sizes=\"(max-width: 1600px) 100vw, 1600px\" \/><\/div>\n<div class=\"dslc-slider-item\"><span class=\"dslc-caption\"><\/span><img decoding=\"async\" class=\"\" src=\"http:\/\/sol.fm.br\/radio\/wp-content\/uploads\/2018\/04\/WhatsApp-Image-2023-07-12-at-16.54.01.jpeg\" alt=\"\" title=\"WhatsApp Image 2023-07-12 at 16.54.01\" srcset=\"http:\/\/sol.fm.br\/radio\/wp-content\/uploads\/2018\/04\/WhatsApp-Image-2023-07-12-at-16.54.01.jpeg 1600w, http:\/\/sol.fm.br\/radio\/wp-content\/uploads\/2018\/04\/WhatsApp-Image-2023-07-12-at-16.54.01-400x225.jpeg 400w, http:\/\/sol.fm.br\/radio\/wp-content\/uploads\/2018\/04\/WhatsApp-Image-2023-07-12-at-16.54.01-768x432.jpeg 768w, http:\/\/sol.fm.br\/radio\/wp-content\/uploads\/2018\/04\/WhatsApp-Image-2023-07-12-at-16.54.01-1536x863.jpeg 1536w\" sizes=\"(max-width: 1600px) 100vw, 1600px\" \/><\/div>\n<div class=\"dslc-slider-item\"><span class=\"dslc-caption\"><\/span><img decoding=\"async\" class=\"\" src=\"http:\/\/sol.fm.br\/radio\/wp-content\/uploads\/2018\/04\/WhatsApp-Image-2023-07-12-at-16.54.02.jpeg\" alt=\"\" title=\"WhatsApp Image 2023-07-12 at 16.54.02\" srcset=\"http:\/\/sol.fm.br\/radio\/wp-content\/uploads\/2018\/04\/WhatsApp-Image-2023-07-12-at-16.54.02.jpeg 1600w, http:\/\/sol.fm.br\/radio\/wp-content\/uploads\/2018\/04\/WhatsApp-Image-2023-07-12-at-16.54.02-400x225.jpeg 400w, http:\/\/sol.fm.br\/radio\/wp-content\/uploads\/2018\/04\/WhatsApp-Image-2023-07-12-at-16.54.02-768x432.jpeg 768w, http:\/\/sol.fm.br\/radio\/wp-content\/uploads\/2018\/04\/WhatsApp-Image-2023-07-12-at-16.54.02-1536x863.jpeg 1536w\" sizes=\"(max-width: 1600px) 100vw, 1600px\" \/><\/div>\n<div class=\"dslc-slider-item\"><span class=\"dslc-caption\"><\/span><img decoding=\"async\" class=\"\" src=\"http:\/\/sol.fm.br\/radio\/wp-content\/uploads\/2018\/04\/WhatsApp-Image-2023-07-12-at-16.54.02-2.jpeg\" alt=\"\" title=\"WhatsApp Image 2023-07-12 at 16.54.02 (2)\" srcset=\"http:\/\/sol.fm.br\/radio\/wp-content\/uploads\/2018\/04\/WhatsApp-Image-2023-07-12-at-16.54.02-2.jpeg 1600w, http:\/\/sol.fm.br\/radio\/wp-content\/uploads\/2018\/04\/WhatsApp-Image-2023-07-12-at-16.54.02-2-400x225.jpeg 400w, http:\/\/sol.fm.br\/radio\/wp-content\/uploads\/2018\/04\/WhatsApp-Image-2023-07-12-at-16.54.02-2-768x432.jpeg 768w, http:\/\/sol.fm.br\/radio\/wp-content\/uploads\/2018\/04\/WhatsApp-Image-2023-07-12-at-16.54.02-2-1536x863.jpeg 1536w\" sizes=\"(max-width: 1600px) 100vw, 1600px\" \/><\/div>\n<div class=\"dslc-slider-item\"><span class=\"dslc-caption\"><\/span><img decoding=\"async\" class=\"\" src=\"http:\/\/sol.fm.br\/radio\/wp-content\/uploads\/2018\/04\/WhatsApp-Image-2023-07-12-at-16.54.02-1.jpeg\" alt=\"\" title=\"WhatsApp Image 2023-07-12 at 16.54.02 (1)\" srcset=\"http:\/\/sol.fm.br\/radio\/wp-content\/uploads\/2018\/04\/WhatsApp-Image-2023-07-12-at-16.54.02-1.jpeg 1600w, http:\/\/sol.fm.br\/radio\/wp-content\/uploads\/2018\/04\/WhatsApp-Image-2023-07-12-at-16.54.02-1-400x225.jpeg 400w, http:\/\/sol.fm.br\/radio\/wp-content\/uploads\/2018\/04\/WhatsApp-Image-2023-07-12-at-16.54.02-1-768x432.jpeg 768w, http:\/\/sol.fm.br\/radio\/wp-content\/uploads\/2018\/04\/WhatsApp-Image-2023-07-12-at-16.54.02-1-1536x863.jpeg 1536w\" sizes=\"(max-width: 1600px) 100vw, 1600px\" \/><\/div>\n<\/p><\/div>\n<p><!-- .dslc-slider --><\/p><\/div>\n<p><!-- .dslc-tp-gallery-slider-main --><\/p><\/div>\n<p><!-- .dslc-tp-gallery-slider --><\/p><\/div>\n<p><!-- .dslc-module --><\/p>\n<div id=\"dslc-module-7820ffcf435\" class=\"dslc-module-front dslc-module-DSLC_Image dslc-in-viewport-check dslc-in-viewport-anim-none  dslc-col dslc-4-col  dslc-module-handle-like-regular \" data-module-id=\"7820ffcf435\" data-module=\"DSLC_Image\" data-dslc-module-size=\"4\" data-dslc-anim=\"none\" data-dslc-anim-delay=\"\" data-dslc-anim-duration=\"650\"  data-dslc-anim-easing=\"ease\" data-dslc-preset=\"none\" >\n<div class=\"dslc-image-container\">\n<div class=\"dslc-image\">\n<p>\t\t\t\t\t\t\t\t\t<a class=\"\" href=\"https:\/\/www.instagram.com\/sol.fm.radio\/?hl=pt-br\" target=\"_self\"  ><br \/>\n\t\t\t\t\t\t\t\t\t<img decoding=\"async\" src=\"http:\/\/sol.fm.br\/radio\/wp-content\/uploads\/2020\/08\/instagram-sol.png\" alt=\"\" title=\"\" srcset=\"http:\/\/sol.fm.br\/radio\/wp-content\/uploads\/2020\/08\/instagram-sol.png 500w, http:\/\/sol.fm.br\/radio\/wp-content\/uploads\/2020\/08\/instagram-sol-400x143.png 400w\" sizes=\"(max-width: 500px) 100vw, 500px\" \/><br \/>\n\t\t\t\t\t\t\t\t\t<\/a><\/p><\/div>\n<p><!-- .dslc-image -->\n\t\t<\/div>\n<\/p><\/div>\n<p><!-- .dslc-module --><\/p>\n<div id=\"dslc-module-3e2ded781c9\" class=\"dslc-module-front dslc-module-DSLC_Image dslc-in-viewport-check dslc-in-viewport-anim-none  dslc-col dslc-4-col  dslc-module-handle-like-regular \" data-module-id=\"3e2ded781c9\" data-module=\"DSLC_Image\" data-dslc-module-size=\"4\" data-dslc-anim=\"none\" data-dslc-anim-delay=\"\" data-dslc-anim-duration=\"650\"  data-dslc-anim-easing=\"ease\" data-dslc-preset=\"none\" >\n<div class=\"dslc-image-container\">\n<div class=\"dslc-image\">\n<p>\t\t\t\t\t\t\t\t\t<a class=\"\" href=\"https:\/\/api.whatsapp.com\/send?phone=5551996058015&#038;text=Bem%20vindo%20a%20Radio%20Sol\" target=\"_blank\"  ><br \/>\n\t\t\t\t\t\t\t\t\t<img decoding=\"async\" src=\"http:\/\/sol.fm.br\/radio\/wp-content\/uploads\/2021\/11\/Sem-t\u00edtulo-1.jpg\" alt=\"\" title=\"\" srcset=\"http:\/\/sol.fm.br\/radio\/wp-content\/uploads\/2021\/11\/Sem-t\u00edtulo-1.jpg 3851w, http:\/\/sol.fm.br\/radio\/wp-content\/uploads\/2021\/11\/Sem-t\u00edtulo-1-400x143.jpg 400w, http:\/\/sol.fm.br\/radio\/wp-content\/uploads\/2021\/11\/Sem-t\u00edtulo-1-768x275.jpg 768w\" sizes=\"(max-width: 3851px) 100vw, 3851px\" \/><br \/>\n\t\t\t\t\t\t\t\t\t<\/a><\/p><\/div>\n<p><!-- .dslc-image -->\n\t\t<\/div>\n<\/p><\/div>\n<p><!-- .dslc-module --><\/p>\n<div id=\"dslc-module-k06031hekhs\" class=\"dslc-module-front dslc-module-DSLC_Image dslc-in-viewport-check dslc-in-viewport-anim-none  dslc-col dslc-4-col dslc-last-col  dslc-module-handle-like-regular \" data-module-id=\"k06031hekhs\" data-module=\"DSLC_Image\" data-dslc-module-size=\"4\" data-dslc-anim=\"none\" data-dslc-anim-delay=\"\" data-dslc-anim-duration=\"650\"  data-dslc-anim-easing=\"ease\" data-dslc-preset=\"none\" >\n<div class=\"dslc-image-container\">\n<div class=\"dslc-image\">\n<p>\t\t\t\t\t\t\t\t\t<a class=\"\" href=\"https:\/\/www.facebook.com\/R%C3%A1dio-Sol-1073-FM-202457159959323\/\" target=\"_blank\"  ><br \/>\n\t\t\t\t\t\t\t\t\t<img decoding=\"async\" src=\"http:\/\/sol.fm.br\/radio\/wp-content\/uploads\/2019\/01\/banner1.jpg\" alt=\"\" title=\"\" srcset=\"http:\/\/sol.fm.br\/radio\/wp-content\/uploads\/2019\/01\/banner1.jpg 3857w, http:\/\/sol.fm.br\/radio\/wp-content\/uploads\/2019\/01\/banner1-400x143.jpg 400w, http:\/\/sol.fm.br\/radio\/wp-content\/uploads\/2019\/01\/banner1-768x275.jpg 768w\" sizes=\"(max-width: 3857px) 100vw, 3857px\" \/><br \/>\n\t\t\t\t\t\t\t\t\t<\/a><\/p><\/div>\n<p><!-- .dslc-image -->\n\t\t<\/div>\n<\/p><\/div>\n<p><!-- .dslc-module --><\/p>\n<div id=\"dslc-module-tsg32tp7nq4\" class=\"dslc-module-front dslc-module-DSLC_Text_Simple dslc-in-viewport-check dslc-in-viewport-anim-none  dslc-col dslc-12-col dslc-last-col  dslc-module-handle-like-regular \" data-module-id=\"tsg32tp7nq4\" data-module=\"DSLC_Text_Simple\" data-dslc-module-size=\"12\" data-dslc-anim=\"none\" data-dslc-anim-delay=\"\" data-dslc-anim-duration=\"650\"  data-dslc-anim-easing=\"ease\" data-dslc-preset=\"none\" >\n<div class=\"dslc-text-module-content\">\n<p>Reda\u00e7\u00e3o Sol FM<\/p>\n<\/p><\/div>\n<\/p><\/div>\n<p><!-- .dslc-module --><\/p>\n<div id=\"dslc-module-5288a957463\" class=\"dslc-module-front dslc-module-DSLC_Blog dslc-in-viewport-check dslc-in-viewport-anim-none  dslc-col dslc-12-col dslc-last-col  dslc-module-handle-like-regular \" data-module-id=\"5288a957463\" data-module=\"DSLC_Blog\" data-dslc-module-size=\"12\" data-dslc-anim=\"none\" data-dslc-anim-delay=\"\" data-dslc-anim-duration=\"650\"  data-dslc-anim-easing=\"ease\" data-dslc-preset=\"none\" >\n<div class=\"dslc-posts dslc-blog-posts dslc-clearfix dslc-blog-posts-type-grid dslc-posts-orientation-vertical dslc-init-grid \">\r\n\t\t\t\r\n\t\t\t\r\n\t\t<div class=\"dslc-posts-inner\">\r\n\t<div class=\"dslc-post dslc-blog-post dslc-col dslc-4-col  dslc-first-col dslc-post-format-standard\" data-cats=\"sem-categoria \">\r\n\r\n\t\r\n\t\t\t\t\t\t\t\t\r\n\t\t\t\t\t\t\t\t\t<div class=\"dslc-blog-post-thumb dslc-post-thumb dslc-on-hover-anim\">\r\n\r\n\t\t\t\t\t\t\t\t\t\t\r\n\t\t\t\t\t\t\t\t\t\t\t<div class=\"dslc-blog-post-thumb-inner dslca-post-thumb\">\r\n\t\t\t\t\t\t\t\t\t\t\t\t\r\n\t\t\t\t\t\t\t\t\t\t\t\t\t\t\t\t\t\t\t\t\t\t\t\t\t<a href=\"http:\/\/sol.fm.br\/radio\/onda-de-calor-de-40c-em-sp-poe-agro-em-alerta-e-reforca-importancia-da-eficiencia-hidrica-e-do-credito-rural\/\" class=\"\"><img loading=\"lazy\" decoding=\"async\" width=\"300\" height=\"200\" src=\"http:\/\/sol.fm.br\/radio\/wp-content\/uploads\/2026\/08\/6-11.jpg\" class=\"attachment-full size-full wp-post-image\" alt=\"\" title=\"6\" \/><\/a>\r\n\t\t\t\t\t\t\t\t\t\t\t\t\t\t\t\t\t\t\t\t\t\t\t<\/div><!-- .dslc-blog-post-thumb-inner -->\r\n\r\n\t\t\t\t\t\t\t\t\t\t\r\n\t\t\t\t\t\t\t\t\t\t\r\n\t\t\t\t\t\t\t\t\t<\/div><!-- .dslc-blog-post-thumb -->\r\n\r\n\t\t\t\t\t\t\t\t\r\n\t\t\t\t\t\t\t\r\n\t\t\t\t\t\t\t\r\n\t\t\t\t\t\t\t\t<div class=\"dslc-post-main dslc-blog-post-main\">\r\n\r\n\t\t\t\t\t\t\t\t\t\r\n\t\t\t\t\t\t\t\t\t\r\n\t\t\t\t\t\t\t\t\t\t<div class=\"dslc-blog-post-title\">\r\n\t\t\t\t\t\t\t\t\t\t\t<h2><a href=\"http:\/\/sol.fm.br\/radio\/onda-de-calor-de-40c-em-sp-poe-agro-em-alerta-e-reforca-importancia-da-eficiencia-hidrica-e-do-credito-rural\/\">Onda de calor de 40\u00b0C em SP p\u00f5e agro em alerta e refor\u00e7a import\u00e2ncia da efici\u00eancia h\u00eddrica e do cr\u00e9dito rural<\/a><\/h2>\r\n\t\t\t\t\t\t\t\t\t\t<\/div><!-- .dslc-blog-post-title -->\r\n\r\n\t\t\t\t\t\t\t\t\t\r\n\t\t\t\t\t\t\t\t\t\r\n\t\t\t\t\t\t\t\t\t\r\n\t\t\t\t\t\t\t\t\t\t<div class=\"dslc-blog-post-excerpt\">\r\n\t\t\t\t\t\t\t\t\t\t\t\t\t\t\t\t\t\t\t\t\t\t\tDefesa Civil prev\u00ea umidade abaixo de 12% e maior risco de inc\u00eandios em S\u00e3o Paulo; especialistas alertam que eventos extremos&hellip;\t\t\t\t\t\t\t\t\t\t\t\t\t\t\t\t\t\t\t\t\t<\/div><!-- .dslc-blog-post-excerpt -->\r\n\r\n\t\t\t\t\t\t\t\t\t\r\n\t\t\t\t\t\t\t\t\t\r\n\t\t\t\t\t\t\t\t<\/div><!-- .blog-post-main -->\r\n\r\n\t\t\t\t\t\t\t\t\r\n\t\t\t\t\t\t\t\t\r\n\t\t\t\t\t\t\t\r\n\t\t\t\t\t\t<\/div><!-- .dslc-blog-post -->\r\n\r\n\t\t\t\t\t\t\r\n\t\t\t\t\t\t\r\n\t<div class=\"dslc-post dslc-blog-post dslc-col dslc-4-col  dslc-post-format-standard\" data-cats=\"sem-categoria \">\r\n\r\n\t\r\n\t\t\t\t\t\t\t\t\r\n\t\t\t\t\t\t\t\t\t<div class=\"dslc-blog-post-thumb dslc-post-thumb dslc-on-hover-anim\">\r\n\r\n\t\t\t\t\t\t\t\t\t\t\r\n\t\t\t\t\t\t\t\t\t\t\t<div class=\"dslc-blog-post-thumb-inner dslca-post-thumb\">\r\n\t\t\t\t\t\t\t\t\t\t\t\t\r\n\t\t\t\t\t\t\t\t\t\t\t\t\t\t\t\t\t\t\t\t\t\t\t\t\t<a href=\"http:\/\/sol.fm.br\/radio\/campanha-ihara-algodao-de-ponta-a-ponta-destaca-a-importancia-da-cultura-para-alem-da-colheita-e-sua-conexao-com-o-dia-a-dia\/\" class=\"\"><img loading=\"lazy\" decoding=\"async\" width=\"300\" height=\"200\" src=\"http:\/\/sol.fm.br\/radio\/wp-content\/uploads\/2026\/08\/5-12.jpg\" class=\"attachment-full size-full wp-post-image\" alt=\"\" title=\"5\" \/><\/a>\r\n\t\t\t\t\t\t\t\t\t\t\t\t\t\t\t\t\t\t\t\t\t\t\t<\/div><!-- .dslc-blog-post-thumb-inner -->\r\n\r\n\t\t\t\t\t\t\t\t\t\t\r\n\t\t\t\t\t\t\t\t\t\t\r\n\t\t\t\t\t\t\t\t\t<\/div><!-- .dslc-blog-post-thumb -->\r\n\r\n\t\t\t\t\t\t\t\t\r\n\t\t\t\t\t\t\t\r\n\t\t\t\t\t\t\t\r\n\t\t\t\t\t\t\t\t<div class=\"dslc-post-main dslc-blog-post-main\">\r\n\r\n\t\t\t\t\t\t\t\t\t\r\n\t\t\t\t\t\t\t\t\t\r\n\t\t\t\t\t\t\t\t\t\t<div class=\"dslc-blog-post-title\">\r\n\t\t\t\t\t\t\t\t\t\t\t<h2><a href=\"http:\/\/sol.fm.br\/radio\/campanha-ihara-algodao-de-ponta-a-ponta-destaca-a-importancia-da-cultura-para-alem-da-colheita-e-sua-conexao-com-o-dia-a-dia\/\">Campanha \"IHARA Algod\u00e3o, de ponta a ponta\" destaca a import\u00e2ncia da cultura para al\u00e9m da colheita e sua conex\u00e3o com o dia a dia<\/a><\/h2>\r\n\t\t\t\t\t\t\t\t\t\t<\/div><!-- .dslc-blog-post-title -->\r\n\r\n\t\t\t\t\t\t\t\t\t\r\n\t\t\t\t\t\t\t\t\t\r\n\t\t\t\t\t\t\t\t\t\r\n\t\t\t\t\t\t\t\t\t\t<div class=\"dslc-blog-post-excerpt\">\r\n\t\t\t\t\t\t\t\t\t\t\t\t\t\t\t\t\t\t\t\t\t\t\tProjeto evidencia a jornada do algod\u00e3o, do campo ao cotidiano, mostrando sua relev\u00e2ncia na vida de milh\u00f5es de pessoas O&hellip;\t\t\t\t\t\t\t\t\t\t\t\t\t\t\t\t\t\t\t\t\t<\/div><!-- .dslc-blog-post-excerpt -->\r\n\r\n\t\t\t\t\t\t\t\t\t\r\n\t\t\t\t\t\t\t\t\t\r\n\t\t\t\t\t\t\t\t<\/div><!-- .blog-post-main -->\r\n\r\n\t\t\t\t\t\t\t\t\r\n\t\t\t\t\t\t\t\t\r\n\t\t\t\t\t\t\t\r\n\t\t\t\t\t\t<\/div><!-- .dslc-blog-post -->\r\n\r\n\t\t\t\t\t\t\r\n\t\t\t\t\t\t\r\n\t<div class=\"dslc-post dslc-blog-post dslc-col dslc-4-col  dslc-last-col dslc-post-format-standard\" data-cats=\"sem-categoria \">\r\n\r\n\t\r\n\t\t\t\t\t\t\t\t\r\n\t\t\t\t\t\t\t\t\t<div class=\"dslc-blog-post-thumb dslc-post-thumb dslc-on-hover-anim\">\r\n\r\n\t\t\t\t\t\t\t\t\t\t\r\n\t\t\t\t\t\t\t\t\t\t\t<div class=\"dslc-blog-post-thumb-inner dslca-post-thumb\">\r\n\t\t\t\t\t\t\t\t\t\t\t\t\r\n\t\t\t\t\t\t\t\t\t\t\t\t\t\t\t\t\t\t\t\t\t\t\t\t\t<a href=\"http:\/\/sol.fm.br\/radio\/apesar-de-resilientes-plantas-do-cerrado-dependem-de-polinizadores-para-atingir-o-sucesso-reprodutivo\/\" class=\"\"><img loading=\"lazy\" decoding=\"async\" width=\"300\" height=\"203\" src=\"http:\/\/sol.fm.br\/radio\/wp-content\/uploads\/2026\/08\/4-14.jpg\" class=\"attachment-full size-full wp-post-image\" alt=\"\" title=\"4\" \/><\/a>\r\n\t\t\t\t\t\t\t\t\t\t\t\t\t\t\t\t\t\t\t\t\t\t\t<\/div><!-- .dslc-blog-post-thumb-inner -->\r\n\r\n\t\t\t\t\t\t\t\t\t\t\r\n\t\t\t\t\t\t\t\t\t\t\r\n\t\t\t\t\t\t\t\t\t<\/div><!-- .dslc-blog-post-thumb -->\r\n\r\n\t\t\t\t\t\t\t\t\r\n\t\t\t\t\t\t\t\r\n\t\t\t\t\t\t\t\r\n\t\t\t\t\t\t\t\t<div class=\"dslc-post-main dslc-blog-post-main\">\r\n\r\n\t\t\t\t\t\t\t\t\t\r\n\t\t\t\t\t\t\t\t\t\r\n\t\t\t\t\t\t\t\t\t\t<div class=\"dslc-blog-post-title\">\r\n\t\t\t\t\t\t\t\t\t\t\t<h2><a href=\"http:\/\/sol.fm.br\/radio\/apesar-de-resilientes-plantas-do-cerrado-dependem-de-polinizadores-para-atingir-o-sucesso-reprodutivo\/\">Apesar de resilientes, plantas do Cerrado dependem de polinizadores para atingir o sucesso reprodutivo<\/a><\/h2>\r\n\t\t\t\t\t\t\t\t\t\t<\/div><!-- .dslc-blog-post-title -->\r\n\r\n\t\t\t\t\t\t\t\t\t\r\n\t\t\t\t\t\t\t\t\t\r\n\t\t\t\t\t\t\t\t\t\r\n\t\t\t\t\t\t\t\t\t\t<div class=\"dslc-blog-post-excerpt\">\r\n\t\t\t\t\t\t\t\t\t\t\t\t\t\t\t\t\t\t\t\t\t\t\tEstudo acompanhou, ao longo de dois anos, 13 tipos de arbustos canela-de-ema, esp\u00e9cies com alta taxa de endemismo e adaptadas&hellip;\t\t\t\t\t\t\t\t\t\t\t\t\t\t\t\t\t\t\t\t\t<\/div><!-- .dslc-blog-post-excerpt -->\r\n\r\n\t\t\t\t\t\t\t\t\t\r\n\t\t\t\t\t\t\t\t\t\r\n\t\t\t\t\t\t\t\t<\/div><!-- .blog-post-main -->\r\n\r\n\t\t\t\t\t\t\t\t\r\n\t\t\t\t\t\t\t\t\r\n\t\t\t\t\t\t\t\r\n\t\t\t\t\t\t<\/div><!-- .dslc-blog-post -->\r\n\r\n\t\t\t\t\t\t\r\n\t\t\t\t\t\t<div class=\"dslc-post-separator\"><\/div>\r\n\t<div class=\"dslc-post dslc-blog-post dslc-col dslc-4-col  dslc-first-col dslc-post-format-standard\" data-cats=\"sem-categoria \">\r\n\r\n\t\r\n\t\t\t\t\t\t\t\t\r\n\t\t\t\t\t\t\t\t\t<div class=\"dslc-blog-post-thumb dslc-post-thumb dslc-on-hover-anim\">\r\n\r\n\t\t\t\t\t\t\t\t\t\t\r\n\t\t\t\t\t\t\t\t\t\t\t<div class=\"dslc-blog-post-thumb-inner dslca-post-thumb\">\r\n\t\t\t\t\t\t\t\t\t\t\t\t\r\n\t\t\t\t\t\t\t\t\t\t\t\t\t\t\t\t\t\t\t\t\t\t\t\t\t<a href=\"http:\/\/sol.fm.br\/radio\/expointer-premio-merito-genetico-angus-reconhece-vpj-pecuaria-como-melhor-criatorio-de-raca-do-pais\/\" class=\"\"><img loading=\"lazy\" decoding=\"async\" width=\"1500\" height=\"1025\" src=\"http:\/\/sol.fm.br\/radio\/wp-content\/uploads\/2026\/08\/3-10.jpg\" class=\"attachment-full size-full wp-post-image\" alt=\"\" title=\"3\" srcset=\"http:\/\/sol.fm.br\/radio\/wp-content\/uploads\/2026\/08\/3-10.jpg 1500w, http:\/\/sol.fm.br\/radio\/wp-content\/uploads\/2026\/08\/3-10-400x273.jpg 400w, http:\/\/sol.fm.br\/radio\/wp-content\/uploads\/2026\/08\/3-10-768x525.jpg 768w\" sizes=\"auto, (max-width: 1500px) 100vw, 1500px\" \/><\/a>\r\n\t\t\t\t\t\t\t\t\t\t\t\t\t\t\t\t\t\t\t\t\t\t\t<\/div><!-- .dslc-blog-post-thumb-inner -->\r\n\r\n\t\t\t\t\t\t\t\t\t\t\r\n\t\t\t\t\t\t\t\t\t\t\r\n\t\t\t\t\t\t\t\t\t<\/div><!-- .dslc-blog-post-thumb -->\r\n\r\n\t\t\t\t\t\t\t\t\r\n\t\t\t\t\t\t\t\r\n\t\t\t\t\t\t\t\r\n\t\t\t\t\t\t\t\t<div class=\"dslc-post-main dslc-blog-post-main\">\r\n\r\n\t\t\t\t\t\t\t\t\t\r\n\t\t\t\t\t\t\t\t\t\r\n\t\t\t\t\t\t\t\t\t\t<div class=\"dslc-blog-post-title\">\r\n\t\t\t\t\t\t\t\t\t\t\t<h2><a href=\"http:\/\/sol.fm.br\/radio\/expointer-premio-merito-genetico-angus-reconhece-vpj-pecuaria-como-melhor-criatorio-de-raca-do-pais\/\">Expointer: Pr\u00eamio M\u00e9rito Gen\u00e9tico Angus reconhece VPJ Pecu\u00e1ria como melhor criat\u00f3rio de ra\u00e7a do pa\u00eds<\/a><\/h2>\r\n\t\t\t\t\t\t\t\t\t\t<\/div><!-- .dslc-blog-post-title -->\r\n\r\n\t\t\t\t\t\t\t\t\t\r\n\t\t\t\t\t\t\t\t\t\r\n\t\t\t\t\t\t\t\t\t\r\n\t\t\t\t\t\t\t\t\t\t<div class=\"dslc-blog-post-excerpt\">\r\n\t\t\t\t\t\t\t\t\t\t\t\t\t\t\t\t\t\t\t\t\t\t\tA VPJ Pecu\u00e1ria conquistou o Pr\u00eamio M\u00e9rito Gen\u00e9tico Angus, concedido pela Associa\u00e7\u00e3o Brasileira de Angus aos criat\u00f3rios que se destacam&hellip;\t\t\t\t\t\t\t\t\t\t\t\t\t\t\t\t\t\t\t\t\t<\/div><!-- .dslc-blog-post-excerpt -->\r\n\r\n\t\t\t\t\t\t\t\t\t\r\n\t\t\t\t\t\t\t\t\t\r\n\t\t\t\t\t\t\t\t<\/div><!-- .blog-post-main -->\r\n\r\n\t\t\t\t\t\t\t\t\r\n\t\t\t\t\t\t\t\t\r\n\t\t\t\t\t\t\t\r\n\t\t\t\t\t\t<\/div><!-- .dslc-blog-post -->\r\n\r\n\t\t\t\t\t\t\r\n\t\t\t\t\t\t\r\n\t<div class=\"dslc-post dslc-blog-post dslc-col dslc-4-col  dslc-post-format-standard\" data-cats=\"sem-categoria \">\r\n\r\n\t\r\n\t\t\t\t\t\t\t\t\r\n\t\t\t\t\t\t\t\t\t<div class=\"dslc-blog-post-thumb dslc-post-thumb dslc-on-hover-anim\">\r\n\r\n\t\t\t\t\t\t\t\t\t\t\r\n\t\t\t\t\t\t\t\t\t\t\t<div class=\"dslc-blog-post-thumb-inner dslca-post-thumb\">\r\n\t\t\t\t\t\t\t\t\t\t\t\t\r\n\t\t\t\t\t\t\t\t\t\t\t\t\t\t\t\t\t\t\t\t\t\t\t\t\t<a href=\"http:\/\/sol.fm.br\/radio\/consevitis-rs-apresenta-programacao-na-expointer-com-lancamento-de-novo-programa-de-boas-praticas-como-destaque\/\" class=\"\"><img loading=\"lazy\" decoding=\"async\" width=\"300\" height=\"168\" src=\"http:\/\/sol.fm.br\/radio\/wp-content\/uploads\/2026\/08\/2-10.jpg\" class=\"attachment-full size-full wp-post-image\" alt=\"\" title=\"2\" \/><\/a>\r\n\t\t\t\t\t\t\t\t\t\t\t\t\t\t\t\t\t\t\t\t\t\t\t<\/div><!-- .dslc-blog-post-thumb-inner -->\r\n\r\n\t\t\t\t\t\t\t\t\t\t\r\n\t\t\t\t\t\t\t\t\t\t\r\n\t\t\t\t\t\t\t\t\t<\/div><!-- .dslc-blog-post-thumb -->\r\n\r\n\t\t\t\t\t\t\t\t\r\n\t\t\t\t\t\t\t\r\n\t\t\t\t\t\t\t\r\n\t\t\t\t\t\t\t\t<div class=\"dslc-post-main dslc-blog-post-main\">\r\n\r\n\t\t\t\t\t\t\t\t\t\r\n\t\t\t\t\t\t\t\t\t\r\n\t\t\t\t\t\t\t\t\t\t<div class=\"dslc-blog-post-title\">\r\n\t\t\t\t\t\t\t\t\t\t\t<h2><a href=\"http:\/\/sol.fm.br\/radio\/consevitis-rs-apresenta-programacao-na-expointer-com-lancamento-de-novo-programa-de-boas-praticas-como-destaque\/\">Consevitis-RS apresenta programa\u00e7\u00e3o na Expointer, com lan\u00e7amento de novo programa de boas pr\u00e1ticas como destaque<\/a><\/h2>\r\n\t\t\t\t\t\t\t\t\t\t<\/div><!-- .dslc-blog-post-title -->\r\n\r\n\t\t\t\t\t\t\t\t\t\r\n\t\t\t\t\t\t\t\t\t\r\n\t\t\t\t\t\t\t\t\t\r\n\t\t\t\t\t\t\t\t\t\t<div class=\"dslc-blog-post-excerpt\">\r\n\t\t\t\t\t\t\t\t\t\t\t\t\t\t\t\t\t\t\t\t\t\t\tEstande reunir\u00e1 10 vin\u00edcolas ga\u00fachas, enquanto agenda inclui painel sobre acordo Mercosul-UE, palestra da Sele\u00e7\u00e3o de BRS Lorena, podcast e&hellip;\t\t\t\t\t\t\t\t\t\t\t\t\t\t\t\t\t\t\t\t\t<\/div><!-- .dslc-blog-post-excerpt -->\r\n\r\n\t\t\t\t\t\t\t\t\t\r\n\t\t\t\t\t\t\t\t\t\r\n\t\t\t\t\t\t\t\t<\/div><!-- .blog-post-main -->\r\n\r\n\t\t\t\t\t\t\t\t\r\n\t\t\t\t\t\t\t\t\r\n\t\t\t\t\t\t\t\r\n\t\t\t\t\t\t<\/div><!-- .dslc-blog-post -->\r\n\r\n\t\t\t\t\t\t\r\n\t\t\t\t\t\t\r\n\t<div class=\"dslc-post dslc-blog-post dslc-col dslc-4-col  dslc-last-col dslc-post-format-standard\" data-cats=\"sem-categoria \">\r\n\r\n\t\r\n\t\t\t\t\t\t\t\t\r\n\t\t\t\t\t\t\t\t\t<div class=\"dslc-blog-post-thumb dslc-post-thumb dslc-on-hover-anim\">\r\n\r\n\t\t\t\t\t\t\t\t\t\t\r\n\t\t\t\t\t\t\t\t\t\t\t<div class=\"dslc-blog-post-thumb-inner dslca-post-thumb\">\r\n\t\t\t\t\t\t\t\t\t\t\t\t\r\n\t\t\t\t\t\t\t\t\t\t\t\t\t\t\t\t\t\t\t\t\t\t\t\t\t<a href=\"http:\/\/sol.fm.br\/radio\/numero-de-azeites-gauchos-com-selo-premium-de-qualidade-quase-dobra-e-chega-a-26\/\" class=\"\"><img loading=\"lazy\" decoding=\"async\" width=\"2500\" height=\"1700\" src=\"http:\/\/sol.fm.br\/radio\/wp-content\/uploads\/2026\/08\/1-8.jpg\" class=\"attachment-full size-full wp-post-image\" alt=\"\" title=\"1\" srcset=\"http:\/\/sol.fm.br\/radio\/wp-content\/uploads\/2026\/08\/1-8.jpg 2500w, http:\/\/sol.fm.br\/radio\/wp-content\/uploads\/2026\/08\/1-8-400x272.jpg 400w, http:\/\/sol.fm.br\/radio\/wp-content\/uploads\/2026\/08\/1-8-768x522.jpg 768w, http:\/\/sol.fm.br\/radio\/wp-content\/uploads\/2026\/08\/1-8-1536x1044.jpg 1536w, http:\/\/sol.fm.br\/radio\/wp-content\/uploads\/2026\/08\/1-8-2048x1393.jpg 2048w\" sizes=\"auto, (max-width: 2500px) 100vw, 2500px\" \/><\/a>\r\n\t\t\t\t\t\t\t\t\t\t\t\t\t\t\t\t\t\t\t\t\t\t\t<\/div><!-- .dslc-blog-post-thumb-inner -->\r\n\r\n\t\t\t\t\t\t\t\t\t\t\r\n\t\t\t\t\t\t\t\t\t\t\r\n\t\t\t\t\t\t\t\t\t<\/div><!-- .dslc-blog-post-thumb -->\r\n\r\n\t\t\t\t\t\t\t\t\r\n\t\t\t\t\t\t\t\r\n\t\t\t\t\t\t\t\r\n\t\t\t\t\t\t\t\t<div class=\"dslc-post-main dslc-blog-post-main\">\r\n\r\n\t\t\t\t\t\t\t\t\t\r\n\t\t\t\t\t\t\t\t\t\r\n\t\t\t\t\t\t\t\t\t\t<div class=\"dslc-blog-post-title\">\r\n\t\t\t\t\t\t\t\t\t\t\t<h2><a href=\"http:\/\/sol.fm.br\/radio\/numero-de-azeites-gauchos-com-selo-premium-de-qualidade-quase-dobra-e-chega-a-26\/\">N\u00famero de azeites ga\u00fachos com Selo Premium de qualidade quase dobra e chega a 26<\/a><\/h2>\r\n\t\t\t\t\t\t\t\t\t\t<\/div><!-- .dslc-blog-post-title -->\r\n\r\n\t\t\t\t\t\t\t\t\t\r\n\t\t\t\t\t\t\t\t\t\r\n\t\t\t\t\t\t\t\t\t\r\n\t\t\t\t\t\t\t\t\t\t<div class=\"dslc-blog-post-excerpt\">\r\n\t\t\t\t\t\t\t\t\t\t\t\t\t\t\t\t\t\t\t\t\t\t\tCertifica\u00e7\u00e3o do Governo do Estado e do Ibraoliva exige rastreabilidade e avalia\u00e7\u00f5es f\u00edsico-qu\u00edmicas e sensoriais dos produtos O n\u00famero de&hellip;\t\t\t\t\t\t\t\t\t\t\t\t\t\t\t\t\t\t\t\t\t<\/div><!-- .dslc-blog-post-excerpt -->\r\n\r\n\t\t\t\t\t\t\t\t\t\r\n\t\t\t\t\t\t\t\t\t\r\n\t\t\t\t\t\t\t\t<\/div><!-- .blog-post-main -->\r\n\r\n\t\t\t\t\t\t\t\t\r\n\t\t\t\t\t\t\t\t\r\n\t\t\t\t\t\t\t\r\n\t\t\t\t\t\t<\/div><!-- .dslc-blog-post -->\r\n\r\n\t\t\t\t\t\t\r\n\t\t\t\t\t\t<div class=\"dslc-post-separator\"><\/div>\r\n\t<div class=\"dslc-post dslc-blog-post dslc-col dslc-4-col  dslc-first-col dslc-post-format-standard\" data-cats=\"sem-categoria \">\r\n\r\n\t\r\n\t\t\t\t\t\t\t\t\r\n\t\t\t\t\t\t\t\t\t<div class=\"dslc-blog-post-thumb dslc-post-thumb dslc-on-hover-anim\">\r\n\r\n\t\t\t\t\t\t\t\t\t\t\r\n\t\t\t\t\t\t\t\t\t\t\t<div class=\"dslc-blog-post-thumb-inner dslca-post-thumb\">\r\n\t\t\t\t\t\t\t\t\t\t\t\t\r\n\t\t\t\t\t\t\t\t\t\t\t\t\t\t\t\t\t\t\t\t\t\t\t\t\t<a href=\"http:\/\/sol.fm.br\/radio\/na-oktoberfest-de-igrejinha-o-voluntariado-tambem-passa-de-geracao-em-geracao\/\" class=\"\"><img loading=\"lazy\" decoding=\"async\" width=\"1600\" height=\"1200\" src=\"http:\/\/sol.fm.br\/radio\/wp-content\/uploads\/2026\/08\/0-1.jpeg\" class=\"attachment-full size-full wp-post-image\" alt=\"\" title=\"0\" srcset=\"http:\/\/sol.fm.br\/radio\/wp-content\/uploads\/2026\/08\/0-1.jpeg 1600w, http:\/\/sol.fm.br\/radio\/wp-content\/uploads\/2026\/08\/0-1-400x300.jpeg 400w, http:\/\/sol.fm.br\/radio\/wp-content\/uploads\/2026\/08\/0-1-768x576.jpeg 768w, http:\/\/sol.fm.br\/radio\/wp-content\/uploads\/2026\/08\/0-1-1536x1152.jpeg 1536w\" sizes=\"auto, (max-width: 1600px) 100vw, 1600px\" \/><\/a>\r\n\t\t\t\t\t\t\t\t\t\t\t\t\t\t\t\t\t\t\t\t\t\t\t<\/div><!-- .dslc-blog-post-thumb-inner -->\r\n\r\n\t\t\t\t\t\t\t\t\t\t\r\n\t\t\t\t\t\t\t\t\t\t\r\n\t\t\t\t\t\t\t\t\t<\/div><!-- .dslc-blog-post-thumb -->\r\n\r\n\t\t\t\t\t\t\t\t\r\n\t\t\t\t\t\t\t\r\n\t\t\t\t\t\t\t\r\n\t\t\t\t\t\t\t\t<div class=\"dslc-post-main dslc-blog-post-main\">\r\n\r\n\t\t\t\t\t\t\t\t\t\r\n\t\t\t\t\t\t\t\t\t\r\n\t\t\t\t\t\t\t\t\t\t<div class=\"dslc-blog-post-title\">\r\n\t\t\t\t\t\t\t\t\t\t\t<h2><a href=\"http:\/\/sol.fm.br\/radio\/na-oktoberfest-de-igrejinha-o-voluntariado-tambem-passa-de-geracao-em-geracao\/\">Na Oktoberfest de Igrejinha, o voluntariado tamb\u00e9m passa de gera\u00e7\u00e3o em gera\u00e7\u00e3o<\/a><\/h2>\r\n\t\t\t\t\t\t\t\t\t\t<\/div><!-- .dslc-blog-post-title -->\r\n\r\n\t\t\t\t\t\t\t\t\t\r\n\t\t\t\t\t\t\t\t\t\r\n\t\t\t\t\t\t\t\t\t\r\n\t\t\t\t\t\t\t\t\t\t<div class=\"dslc-blog-post-excerpt\">\r\n\t\t\t\t\t\t\t\t\t\t\t\t\t\t\t\t\t\t\t\t\t\t\tNeste Dia do Voluntariado, hist\u00f3ria da fam\u00edlia Beck revela como o trabalho se transforma em tradi\u00e7\u00e3o e re\u00fane diferentes gera\u00e7\u00f5es&hellip;\t\t\t\t\t\t\t\t\t\t\t\t\t\t\t\t\t\t\t\t\t<\/div><!-- .dslc-blog-post-excerpt -->\r\n\r\n\t\t\t\t\t\t\t\t\t\r\n\t\t\t\t\t\t\t\t\t\r\n\t\t\t\t\t\t\t\t<\/div><!-- .blog-post-main -->\r\n\r\n\t\t\t\t\t\t\t\t\r\n\t\t\t\t\t\t\t\t\r\n\t\t\t\t\t\t\t\r\n\t\t\t\t\t\t<\/div><!-- .dslc-blog-post -->\r\n\r\n\t\t\t\t\t\t\r\n\t\t\t\t\t\t\r\n\t<div class=\"dslc-post dslc-blog-post dslc-col dslc-4-col  dslc-post-format-standard\" data-cats=\"sem-categoria \">\r\n\r\n\t\r\n\t\t\t\t\t\t\t\t\r\n\t\t\t\t\t\t\t\t\t<div class=\"dslc-blog-post-thumb dslc-post-thumb dslc-on-hover-anim\">\r\n\r\n\t\t\t\t\t\t\t\t\t\t\r\n\t\t\t\t\t\t\t\t\t\t\t<div class=\"dslc-blog-post-thumb-inner dslca-post-thumb\">\r\n\t\t\t\t\t\t\t\t\t\t\t\t\r\n\t\t\t\t\t\t\t\t\t\t\t\t\t\t\t\t\t\t\t\t\t\t\t\t\t<a href=\"http:\/\/sol.fm.br\/radio\/hospital-sapiranga-investe-r-35-milhoes-e-implanta-servico-de-hemodinamica\/\" class=\"\"><img loading=\"lazy\" decoding=\"async\" width=\"2560\" height=\"1441\" src=\"http:\/\/sol.fm.br\/radio\/wp-content\/uploads\/2026\/08\/7-1-5-scaled.jpg\" class=\"attachment-full size-full wp-post-image\" alt=\"\" title=\"7 (1)\" srcset=\"http:\/\/sol.fm.br\/radio\/wp-content\/uploads\/2026\/08\/7-1-5-scaled.jpg 2560w, http:\/\/sol.fm.br\/radio\/wp-content\/uploads\/2026\/08\/7-1-5-400x225.jpg 400w, http:\/\/sol.fm.br\/radio\/wp-content\/uploads\/2026\/08\/7-1-5-768x432.jpg 768w, http:\/\/sol.fm.br\/radio\/wp-content\/uploads\/2026\/08\/7-1-5-1536x865.jpg 1536w, http:\/\/sol.fm.br\/radio\/wp-content\/uploads\/2026\/08\/7-1-5-2048x1153.jpg 2048w\" sizes=\"auto, (max-width: 2560px) 100vw, 2560px\" \/><\/a>\r\n\t\t\t\t\t\t\t\t\t\t\t\t\t\t\t\t\t\t\t\t\t\t\t<\/div><!-- .dslc-blog-post-thumb-inner -->\r\n\r\n\t\t\t\t\t\t\t\t\t\t\r\n\t\t\t\t\t\t\t\t\t\t\r\n\t\t\t\t\t\t\t\t\t<\/div><!-- .dslc-blog-post-thumb -->\r\n\r\n\t\t\t\t\t\t\t\t\r\n\t\t\t\t\t\t\t\r\n\t\t\t\t\t\t\t\r\n\t\t\t\t\t\t\t\t<div class=\"dslc-post-main dslc-blog-post-main\">\r\n\r\n\t\t\t\t\t\t\t\t\t\r\n\t\t\t\t\t\t\t\t\t\r\n\t\t\t\t\t\t\t\t\t\t<div class=\"dslc-blog-post-title\">\r\n\t\t\t\t\t\t\t\t\t\t\t<h2><a href=\"http:\/\/sol.fm.br\/radio\/hospital-sapiranga-investe-r-35-milhoes-e-implanta-servico-de-hemodinamica\/\">Hospital Sapiranga investe R$ 3,5 milh\u00f5es e implanta servi\u00e7o de Hemodin\u00e2mica<\/a><\/h2>\r\n\t\t\t\t\t\t\t\t\t\t<\/div><!-- .dslc-blog-post-title -->\r\n\r\n\t\t\t\t\t\t\t\t\t\r\n\t\t\t\t\t\t\t\t\t\r\n\t\t\t\t\t\t\t\t\t\r\n\t\t\t\t\t\t\t\t\t\t<div class=\"dslc-blog-post-excerpt\">\r\n\t\t\t\t\t\t\t\t\t\t\t\t\t\t\t\t\t\t\t\t\t\t\tNovo equipamento permitir\u00e1 procedimentos card\u00edacos, vasculares e neurointervencionistas com t\u00e9cnicas minimamente invasivas O Hospital Sapiranga deu um novo passo na&hellip;\t\t\t\t\t\t\t\t\t\t\t\t\t\t\t\t\t\t\t\t\t<\/div><!-- .dslc-blog-post-excerpt -->\r\n\r\n\t\t\t\t\t\t\t\t\t\r\n\t\t\t\t\t\t\t\t\t\r\n\t\t\t\t\t\t\t\t<\/div><!-- .blog-post-main -->\r\n\r\n\t\t\t\t\t\t\t\t\r\n\t\t\t\t\t\t\t\t\r\n\t\t\t\t\t\t\t\r\n\t\t\t\t\t\t<\/div><!-- .dslc-blog-post -->\r\n\r\n\t\t\t\t\t\t\r\n\t\t\t\t\t\t\r\n\t<div class=\"dslc-post dslc-blog-post dslc-col dslc-4-col  dslc-last-col dslc-post-format-standard\" data-cats=\"sem-categoria \">\r\n\r\n\t\r\n\t\t\t\t\t\t\t\t\r\n\t\t\t\t\t\t\t\t\t<div class=\"dslc-blog-post-thumb dslc-post-thumb dslc-on-hover-anim\">\r\n\r\n\t\t\t\t\t\t\t\t\t\t\r\n\t\t\t\t\t\t\t\t\t\t\t<div class=\"dslc-blog-post-thumb-inner dslca-post-thumb\">\r\n\t\t\t\t\t\t\t\t\t\t\t\t\r\n\t\t\t\t\t\t\t\t\t\t\t\t\t\t\t\t\t\t\t\t\t\t\t\t\t<a href=\"http:\/\/sol.fm.br\/radio\/expansao-do-etanol-de-cereais-abre-fronteiras-para-milho-e-sorgo-no-brasil\/\" class=\"\"><img loading=\"lazy\" decoding=\"async\" width=\"300\" height=\"200\" src=\"http:\/\/sol.fm.br\/radio\/wp-content\/uploads\/2026\/08\/6-10.jpg\" class=\"attachment-full size-full wp-post-image\" alt=\"\" title=\"6\" \/><\/a>\r\n\t\t\t\t\t\t\t\t\t\t\t\t\t\t\t\t\t\t\t\t\t\t\t<\/div><!-- .dslc-blog-post-thumb-inner -->\r\n\r\n\t\t\t\t\t\t\t\t\t\t\r\n\t\t\t\t\t\t\t\t\t\t\r\n\t\t\t\t\t\t\t\t\t<\/div><!-- .dslc-blog-post-thumb -->\r\n\r\n\t\t\t\t\t\t\t\t\r\n\t\t\t\t\t\t\t\r\n\t\t\t\t\t\t\t\r\n\t\t\t\t\t\t\t\t<div class=\"dslc-post-main dslc-blog-post-main\">\r\n\r\n\t\t\t\t\t\t\t\t\t\r\n\t\t\t\t\t\t\t\t\t\r\n\t\t\t\t\t\t\t\t\t\t<div class=\"dslc-blog-post-title\">\r\n\t\t\t\t\t\t\t\t\t\t\t<h2><a href=\"http:\/\/sol.fm.br\/radio\/expansao-do-etanol-de-cereais-abre-fronteiras-para-milho-e-sorgo-no-brasil\/\">Expans\u00e3o do etanol de cereais abre fronteiras para milho e sorgo no Brasil<\/a><\/h2>\r\n\t\t\t\t\t\t\t\t\t\t<\/div><!-- .dslc-blog-post-title -->\r\n\r\n\t\t\t\t\t\t\t\t\t\r\n\t\t\t\t\t\t\t\t\t\r\n\t\t\t\t\t\t\t\t\t\r\n\t\t\t\t\t\t\t\t\t\t<div class=\"dslc-blog-post-excerpt\">\r\n\t\t\t\t\t\t\t\t\t\t\t\t\t\t\t\t\t\t\t\t\t\t\tComo projetos em desenvolvimento, ind\u00fastria tamb\u00e9m avan\u00e7a para regi\u00f5es como o MATOPIBA e pode estimular novas cadeias produtivas no Brasil&hellip;\t\t\t\t\t\t\t\t\t\t\t\t\t\t\t\t\t\t\t\t\t<\/div><!-- .dslc-blog-post-excerpt -->\r\n\r\n\t\t\t\t\t\t\t\t\t\r\n\t\t\t\t\t\t\t\t\t\r\n\t\t\t\t\t\t\t\t<\/div><!-- .blog-post-main -->\r\n\r\n\t\t\t\t\t\t\t\t\r\n\t\t\t\t\t\t\t\t\r\n\t\t\t\t\t\t\t\r\n\t\t\t\t\t\t<\/div><!-- .dslc-blog-post -->\r\n\r\n\t\t\t\t\t\t\r\n\t\t\t\t\t\t<div class=\"dslc-post-separator\"><\/div>\r\n\t<div class=\"dslc-post dslc-blog-post dslc-col dslc-4-col  dslc-first-col dslc-post-format-standard\" data-cats=\"sem-categoria \">\r\n\r\n\t\r\n\t\t\t\t\t\t\t\t\r\n\t\t\t\t\t\t\t\t\t<div class=\"dslc-blog-post-thumb dslc-post-thumb dslc-on-hover-anim\">\r\n\r\n\t\t\t\t\t\t\t\t\t\t\r\n\t\t\t\t\t\t\t\t\t\t\t<div class=\"dslc-blog-post-thumb-inner dslca-post-thumb\">\r\n\t\t\t\t\t\t\t\t\t\t\t\t\r\n\t\t\t\t\t\t\t\t\t\t\t\t\t\t\t\t\t\t\t\t\t\t\t\t\t<a href=\"http:\/\/sol.fm.br\/radio\/o-lado-invisivel-da-lideranca-o-que-diferencia-quem-comanda-de-quem-lidera\/\" class=\"\"><img loading=\"lazy\" decoding=\"async\" width=\"867\" height=\"1241\" src=\"http:\/\/sol.fm.br\/radio\/wp-content\/uploads\/2026\/08\/5-11.jpg\" class=\"attachment-full size-full wp-post-image\" alt=\"\" title=\"5\" srcset=\"http:\/\/sol.fm.br\/radio\/wp-content\/uploads\/2026\/08\/5-11.jpg 867w, http:\/\/sol.fm.br\/radio\/wp-content\/uploads\/2026\/08\/5-11-279x400.jpg 279w, http:\/\/sol.fm.br\/radio\/wp-content\/uploads\/2026\/08\/5-11-768x1099.jpg 768w\" sizes=\"auto, (max-width: 867px) 100vw, 867px\" \/><\/a>\r\n\t\t\t\t\t\t\t\t\t\t\t\t\t\t\t\t\t\t\t\t\t\t\t<\/div><!-- .dslc-blog-post-thumb-inner -->\r\n\r\n\t\t\t\t\t\t\t\t\t\t\r\n\t\t\t\t\t\t\t\t\t\t\r\n\t\t\t\t\t\t\t\t\t<\/div><!-- .dslc-blog-post-thumb -->\r\n\r\n\t\t\t\t\t\t\t\t\r\n\t\t\t\t\t\t\t\r\n\t\t\t\t\t\t\t\r\n\t\t\t\t\t\t\t\t<div class=\"dslc-post-main dslc-blog-post-main\">\r\n\r\n\t\t\t\t\t\t\t\t\t\r\n\t\t\t\t\t\t\t\t\t\r\n\t\t\t\t\t\t\t\t\t\t<div class=\"dslc-blog-post-title\">\r\n\t\t\t\t\t\t\t\t\t\t\t<h2><a href=\"http:\/\/sol.fm.br\/radio\/o-lado-invisivel-da-lideranca-o-que-diferencia-quem-comanda-de-quem-lidera\/\">O lado invis\u00edvel da lideran\u00e7a: o que diferencia quem comanda de quem lidera<\/a><\/h2>\r\n\t\t\t\t\t\t\t\t\t\t<\/div><!-- .dslc-blog-post-title -->\r\n\r\n\t\t\t\t\t\t\t\t\t\r\n\t\t\t\t\t\t\t\t\t\r\n\t\t\t\t\t\t\t\t\t\r\n\t\t\t\t\t\t\t\t\t\t<div class=\"dslc-blog-post-excerpt\">\r\n\t\t\t\t\t\t\t\t\t\t\t\t\t\t\t\t\t\t\t\t\t\t\tCom mais de 30 anos no mercado corporativo, a especialista em autolideran\u00e7a e psicanalista Madilad Almassy defende que a gest\u00e3o&hellip;\t\t\t\t\t\t\t\t\t\t\t\t\t\t\t\t\t\t\t\t\t<\/div><!-- .dslc-blog-post-excerpt -->\r\n\r\n\t\t\t\t\t\t\t\t\t\r\n\t\t\t\t\t\t\t\t\t\r\n\t\t\t\t\t\t\t\t<\/div><!-- .blog-post-main -->\r\n\r\n\t\t\t\t\t\t\t\t\r\n\t\t\t\t\t\t\t\t\r\n\t\t\t\t\t\t\t\r\n\t\t\t\t\t\t<\/div><!-- .dslc-blog-post -->\r\n\r\n\t\t\t\t\t\t\r\n\t\t\t\t\t\t\r\n\t<div class=\"dslc-post dslc-blog-post dslc-col dslc-4-col  dslc-post-format-standard\" data-cats=\"sem-categoria \">\r\n\r\n\t\r\n\t\t\t\t\t\t\t\t\r\n\t\t\t\t\t\t\t\t\t<div class=\"dslc-blog-post-thumb dslc-post-thumb dslc-on-hover-anim\">\r\n\r\n\t\t\t\t\t\t\t\t\t\t\r\n\t\t\t\t\t\t\t\t\t\t\t<div class=\"dslc-blog-post-thumb-inner dslca-post-thumb\">\r\n\t\t\t\t\t\t\t\t\t\t\t\t\r\n\t\t\t\t\t\t\t\t\t\t\t\t\t\t\t\t\t\t\t\t\t\t\t\t\t<a href=\"http:\/\/sol.fm.br\/radio\/com-r-23-tri-movimentados-em-cartoes-e-85-de-faturas-pagas-em-dia-alerta-vai-para-o-acumulo-de-parcelas\/\" class=\"\"><img loading=\"lazy\" decoding=\"async\" width=\"300\" height=\"200\" src=\"http:\/\/sol.fm.br\/radio\/wp-content\/uploads\/2026\/08\/4-13.jpg\" class=\"attachment-full size-full wp-post-image\" alt=\"\" title=\"4\" \/><\/a>\r\n\t\t\t\t\t\t\t\t\t\t\t\t\t\t\t\t\t\t\t\t\t\t\t<\/div><!-- .dslc-blog-post-thumb-inner -->\r\n\r\n\t\t\t\t\t\t\t\t\t\t\r\n\t\t\t\t\t\t\t\t\t\t\r\n\t\t\t\t\t\t\t\t\t<\/div><!-- .dslc-blog-post-thumb -->\r\n\r\n\t\t\t\t\t\t\t\t\r\n\t\t\t\t\t\t\t\r\n\t\t\t\t\t\t\t\r\n\t\t\t\t\t\t\t\t<div class=\"dslc-post-main dslc-blog-post-main\">\r\n\r\n\t\t\t\t\t\t\t\t\t\r\n\t\t\t\t\t\t\t\t\t\r\n\t\t\t\t\t\t\t\t\t\t<div class=\"dslc-blog-post-title\">\r\n\t\t\t\t\t\t\t\t\t\t\t<h2><a href=\"http:\/\/sol.fm.br\/radio\/com-r-23-tri-movimentados-em-cartoes-e-85-de-faturas-pagas-em-dia-alerta-vai-para-o-acumulo-de-parcelas\/\">Com R$ 2,3 tri movimentados em cart\u00f5es e 85% de faturas pagas em dia, alerta vai para o ac\u00famulo de parcelas<\/a><\/h2>\r\n\t\t\t\t\t\t\t\t\t\t<\/div><!-- .dslc-blog-post-title -->\r\n\r\n\t\t\t\t\t\t\t\t\t\r\n\t\t\t\t\t\t\t\t\t\r\n\t\t\t\t\t\t\t\t\t\r\n\t\t\t\t\t\t\t\t\t\t<div class=\"dslc-blog-post-excerpt\">\r\n\t\t\t\t\t\t\t\t\t\t\t\t\t\t\t\t\t\t\t\t\t\t\tApesar do avan\u00e7o no uso do cr\u00e9dito e do alto \u00edndice de pagamento integral, excesso de compromissos financeiros pode pesar&hellip;\t\t\t\t\t\t\t\t\t\t\t\t\t\t\t\t\t\t\t\t\t<\/div><!-- .dslc-blog-post-excerpt -->\r\n\r\n\t\t\t\t\t\t\t\t\t\r\n\t\t\t\t\t\t\t\t\t\r\n\t\t\t\t\t\t\t\t<\/div><!-- .blog-post-main -->\r\n\r\n\t\t\t\t\t\t\t\t\r\n\t\t\t\t\t\t\t\t\r\n\t\t\t\t\t\t\t\r\n\t\t\t\t\t\t<\/div><!-- .dslc-blog-post -->\r\n\r\n\t\t\t\t\t\t\r\n\t\t\t\t\t\t\r\n\t<div class=\"dslc-post dslc-blog-post dslc-col dslc-4-col  dslc-last-col dslc-post-format-standard\" data-cats=\"sem-categoria \">\r\n\r\n\t\r\n\t\t\t\t\t\t\t\t\r\n\t\t\t\t\t\t\t\t\t<div class=\"dslc-blog-post-thumb dslc-post-thumb dslc-on-hover-anim\">\r\n\r\n\t\t\t\t\t\t\t\t\t\t\r\n\t\t\t\t\t\t\t\t\t\t\t<div class=\"dslc-blog-post-thumb-inner dslca-post-thumb\">\r\n\t\t\t\t\t\t\t\t\t\t\t\t\r\n\t\t\t\t\t\t\t\t\t\t\t\t\t\t\t\t\t\t\t\t\t\t\t\t\t<a href=\"http:\/\/sol.fm.br\/radio\/el-nino-aumenta-atencao-para-doencas-respiratorias-no-sul\/\" class=\"\"><img loading=\"lazy\" decoding=\"async\" width=\"1536\" height=\"1024\" src=\"http:\/\/sol.fm.br\/radio\/wp-content\/uploads\/2026\/08\/3-1.png\" class=\"attachment-full size-full wp-post-image\" alt=\"\" title=\"3 (1)\" srcset=\"http:\/\/sol.fm.br\/radio\/wp-content\/uploads\/2026\/08\/3-1.png 1536w, http:\/\/sol.fm.br\/radio\/wp-content\/uploads\/2026\/08\/3-1-400x267.png 400w, http:\/\/sol.fm.br\/radio\/wp-content\/uploads\/2026\/08\/3-1-768x512.png 768w, http:\/\/sol.fm.br\/radio\/wp-content\/uploads\/2026\/08\/3-1-600x400.png 600w\" sizes=\"auto, (max-width: 1536px) 100vw, 1536px\" \/><\/a>\r\n\t\t\t\t\t\t\t\t\t\t\t\t\t\t\t\t\t\t\t\t\t\t\t<\/div><!-- .dslc-blog-post-thumb-inner -->\r\n\r\n\t\t\t\t\t\t\t\t\t\t\r\n\t\t\t\t\t\t\t\t\t\t\r\n\t\t\t\t\t\t\t\t\t<\/div><!-- .dslc-blog-post-thumb -->\r\n\r\n\t\t\t\t\t\t\t\t\r\n\t\t\t\t\t\t\t\r\n\t\t\t\t\t\t\t\r\n\t\t\t\t\t\t\t\t<div class=\"dslc-post-main dslc-blog-post-main\">\r\n\r\n\t\t\t\t\t\t\t\t\t\r\n\t\t\t\t\t\t\t\t\t\r\n\t\t\t\t\t\t\t\t\t\t<div class=\"dslc-blog-post-title\">\r\n\t\t\t\t\t\t\t\t\t\t\t<h2><a href=\"http:\/\/sol.fm.br\/radio\/el-nino-aumenta-atencao-para-doencas-respiratorias-no-sul\/\">El Ni\u00f1o aumenta aten\u00e7\u00e3o para doen\u00e7as respirat\u00f3rias no Sul<\/a><\/h2>\r\n\t\t\t\t\t\t\t\t\t\t<\/div><!-- .dslc-blog-post-title -->\r\n\r\n\t\t\t\t\t\t\t\t\t\r\n\t\t\t\t\t\t\t\t\t\r\n\t\t\t\t\t\t\t\t\t\r\n\t\t\t\t\t\t\t\t\t\t<div class=\"dslc-blog-post-excerpt\">\r\n\t\t\t\t\t\t\t\t\t\t\t\t\t\t\t\t\t\t\t\t\t\t\tEspecialista alerta para os impactos das chuvas e da umidade e orienta sobre como proteger a sa\u00fade neste per\u00edodo \u00a0&hellip;\t\t\t\t\t\t\t\t\t\t\t\t\t\t\t\t\t\t\t\t\t<\/div><!-- .dslc-blog-post-excerpt -->\r\n\r\n\t\t\t\t\t\t\t\t\t\r\n\t\t\t\t\t\t\t\t\t\r\n\t\t\t\t\t\t\t\t<\/div><!-- .blog-post-main -->\r\n\r\n\t\t\t\t\t\t\t\t\r\n\t\t\t\t\t\t\t\t\r\n\t\t\t\t\t\t\t\r\n\t\t\t\t\t\t<\/div><!-- .dslc-blog-post -->\r\n\r\n\t\t\t\t\t\t\r\n\t\t\t\t\t\t<div class=\"dslc-post-separator\"><\/div>\r\n\t<div class=\"dslc-post dslc-blog-post dslc-col dslc-4-col  dslc-first-col dslc-post-format-standard\" data-cats=\"sem-categoria \">\r\n\r\n\t\r\n\t\t\t\t\t\t\t\t\r\n\t\t\t\t\t\t\t\t\t<div class=\"dslc-blog-post-thumb dslc-post-thumb dslc-on-hover-anim\">\r\n\r\n\t\t\t\t\t\t\t\t\t\t\r\n\t\t\t\t\t\t\t\t\t\t\t<div class=\"dslc-blog-post-thumb-inner dslca-post-thumb\">\r\n\t\t\t\t\t\t\t\t\t\t\t\t\r\n\t\t\t\t\t\t\t\t\t\t\t\t\t\t\t\t\t\t\t\t\t\t\t\t\t<a href=\"http:\/\/sol.fm.br\/radio\/instituto-combustivel-da-vida-apoia-familias-atingidas-pelas-chuvas-em-estrela-com-moveis-utensilios-e-combustivel\/\" class=\"\"><img loading=\"lazy\" decoding=\"async\" width=\"1280\" height=\"960\" src=\"http:\/\/sol.fm.br\/radio\/wp-content\/uploads\/2026\/08\/2-9.jpg\" class=\"attachment-full size-full wp-post-image\" alt=\"\" title=\"2\" srcset=\"http:\/\/sol.fm.br\/radio\/wp-content\/uploads\/2026\/08\/2-9.jpg 1280w, http:\/\/sol.fm.br\/radio\/wp-content\/uploads\/2026\/08\/2-9-400x300.jpg 400w, http:\/\/sol.fm.br\/radio\/wp-content\/uploads\/2026\/08\/2-9-768x576.jpg 768w\" sizes=\"auto, (max-width: 1280px) 100vw, 1280px\" \/><\/a>\r\n\t\t\t\t\t\t\t\t\t\t\t\t\t\t\t\t\t\t\t\t\t\t\t<\/div><!-- .dslc-blog-post-thumb-inner -->\r\n\r\n\t\t\t\t\t\t\t\t\t\t\r\n\t\t\t\t\t\t\t\t\t\t\r\n\t\t\t\t\t\t\t\t\t<\/div><!-- .dslc-blog-post-thumb -->\r\n\r\n\t\t\t\t\t\t\t\t\r\n\t\t\t\t\t\t\t\r\n\t\t\t\t\t\t\t\r\n\t\t\t\t\t\t\t\t<div class=\"dslc-post-main dslc-blog-post-main\">\r\n\r\n\t\t\t\t\t\t\t\t\t\r\n\t\t\t\t\t\t\t\t\t\r\n\t\t\t\t\t\t\t\t\t\t<div class=\"dslc-blog-post-title\">\r\n\t\t\t\t\t\t\t\t\t\t\t<h2><a href=\"http:\/\/sol.fm.br\/radio\/instituto-combustivel-da-vida-apoia-familias-atingidas-pelas-chuvas-em-estrela-com-moveis-utensilios-e-combustivel\/\">Instituto Combust\u00edvel da Vida apoia fam\u00edlias atingidas pelas chuvas em Estrela com m\u00f3veis, utens\u00edlios e combust\u00edvel<\/a><\/h2>\r\n\t\t\t\t\t\t\t\t\t\t<\/div><!-- .dslc-blog-post-title -->\r\n\r\n\t\t\t\t\t\t\t\t\t\r\n\t\t\t\t\t\t\t\t\t\r\n\t\t\t\t\t\t\t\t\t\r\n\t\t\t\t\t\t\t\t\t\t<div class=\"dslc-blog-post-excerpt\">\r\n\t\t\t\t\t\t\t\t\t\t\t\t\t\t\t\t\t\t\t\t\t\t\tA\u00e7\u00e3o realizada nesta ter\u00e7a-feira (25) contou com a entrega de sete conjuntos de mesas e bancos, sete kits de utens\u00edlios&hellip;\t\t\t\t\t\t\t\t\t\t\t\t\t\t\t\t\t\t\t\t\t<\/div><!-- .dslc-blog-post-excerpt -->\r\n\r\n\t\t\t\t\t\t\t\t\t\r\n\t\t\t\t\t\t\t\t\t\r\n\t\t\t\t\t\t\t\t<\/div><!-- .blog-post-main -->\r\n\r\n\t\t\t\t\t\t\t\t\r\n\t\t\t\t\t\t\t\t\r\n\t\t\t\t\t\t\t\r\n\t\t\t\t\t\t<\/div><!-- .dslc-blog-post -->\r\n\r\n\t\t\t\t\t\t\r\n\t\t\t\t\t\t\r\n\t<div class=\"dslc-post dslc-blog-post dslc-col dslc-4-col  dslc-post-format-standard\" data-cats=\"sem-categoria \">\r\n\r\n\t\r\n\t\t\t\t\t\t\t\t\r\n\t\t\t\t\t\t\t\t\t<div class=\"dslc-blog-post-thumb dslc-post-thumb dslc-on-hover-anim\">\r\n\r\n\t\t\t\t\t\t\t\t\t\t\r\n\t\t\t\t\t\t\t\t\t\t\t<div class=\"dslc-blog-post-thumb-inner dslca-post-thumb\">\r\n\t\t\t\t\t\t\t\t\t\t\t\t\r\n\t\t\t\t\t\t\t\t\t\t\t\t\t\t\t\t\t\t\t\t\t\t\t\t\t<a href=\"http:\/\/sol.fm.br\/radio\/70-dos-brasileiros-economizam-mensalmente-com-cupons-serasa-oferece-80-milhoes-de-ofertas-com-descontos-extras-para-negociacao-de-dividas\/\" class=\"\"><img loading=\"lazy\" decoding=\"async\" width=\"903\" height=\"500\" src=\"http:\/\/sol.fm.br\/radio\/wp-content\/uploads\/2026\/08\/1.jpeg\" class=\"attachment-full size-full wp-post-image\" alt=\"\" title=\"1\" srcset=\"http:\/\/sol.fm.br\/radio\/wp-content\/uploads\/2026\/08\/1.jpeg 903w, http:\/\/sol.fm.br\/radio\/wp-content\/uploads\/2026\/08\/1-400x221.jpeg 400w, http:\/\/sol.fm.br\/radio\/wp-content\/uploads\/2026\/08\/1-768x425.jpeg 768w\" sizes=\"auto, (max-width: 903px) 100vw, 903px\" \/><\/a>\r\n\t\t\t\t\t\t\t\t\t\t\t\t\t\t\t\t\t\t\t\t\t\t\t<\/div><!-- .dslc-blog-post-thumb-inner -->\r\n\r\n\t\t\t\t\t\t\t\t\t\t\r\n\t\t\t\t\t\t\t\t\t\t\r\n\t\t\t\t\t\t\t\t\t<\/div><!-- .dslc-blog-post-thumb -->\r\n\r\n\t\t\t\t\t\t\t\t\r\n\t\t\t\t\t\t\t\r\n\t\t\t\t\t\t\t\r\n\t\t\t\t\t\t\t\t<div class=\"dslc-post-main dslc-blog-post-main\">\r\n\r\n\t\t\t\t\t\t\t\t\t\r\n\t\t\t\t\t\t\t\t\t\r\n\t\t\t\t\t\t\t\t\t\t<div class=\"dslc-blog-post-title\">\r\n\t\t\t\t\t\t\t\t\t\t\t<h2><a href=\"http:\/\/sol.fm.br\/radio\/70-dos-brasileiros-economizam-mensalmente-com-cupons-serasa-oferece-80-milhoes-de-ofertas-com-descontos-extras-para-negociacao-de-dividas\/\">70% dos brasileiros economizam mensalmente com cupons: Serasa oferece 80 milh\u00f5es de ofertas com descontos extras para negocia\u00e7\u00e3o de d\u00edvidas<\/a><\/h2>\r\n\t\t\t\t\t\t\t\t\t\t<\/div><!-- .dslc-blog-post-title -->\r\n\r\n\t\t\t\t\t\t\t\t\t\r\n\t\t\t\t\t\t\t\t\t\r\n\t\t\t\t\t\t\t\t\t\r\n\t\t\t\t\t\t\t\t\t\t<div class=\"dslc-blog-post-excerpt\">\r\n\t\t\t\t\t\t\t\t\t\t\t\t\t\t\t\t\t\t\t\t\t\t\t\u00a0\u00a0\u00a0\u00a0Levantamento mostra que 80% consideram o benef\u00edcio na hora de escolher a loja onde v\u00e3o comprar; \u25cf\u00a0\u00a0\u00a0\u00a0\u00a073% j\u00e1 desistiram de&hellip;\t\t\t\t\t\t\t\t\t\t\t\t\t\t\t\t\t\t\t\t\t<\/div><!-- .dslc-blog-post-excerpt -->\r\n\r\n\t\t\t\t\t\t\t\t\t\r\n\t\t\t\t\t\t\t\t\t\r\n\t\t\t\t\t\t\t\t<\/div><!-- .blog-post-main -->\r\n\r\n\t\t\t\t\t\t\t\t\r\n\t\t\t\t\t\t\t\t\r\n\t\t\t\t\t\t\t\r\n\t\t\t\t\t\t<\/div><!-- .dslc-blog-post -->\r\n\r\n\t\t\t\t\t\t\r\n\t\t\t\t\t\t\r\n\t<div class=\"dslc-post dslc-blog-post dslc-col dslc-4-col  dslc-last-col dslc-post-format-standard\" data-cats=\"sem-categoria \">\r\n\r\n\t\r\n\t\t\t\t\t\t\t\t\r\n\t\t\t\t\t\t\t\t\t<div class=\"dslc-blog-post-thumb dslc-post-thumb dslc-on-hover-anim\">\r\n\r\n\t\t\t\t\t\t\t\t\t\t\r\n\t\t\t\t\t\t\t\t\t\t\t<div class=\"dslc-blog-post-thumb-inner dslca-post-thumb\">\r\n\t\t\t\t\t\t\t\t\t\t\t\t\r\n\t\t\t\t\t\t\t\t\t\t\t\t\t\t\t\t\t\t\t\t\t\t\t\t\t<a href=\"http:\/\/sol.fm.br\/radio\/producao-industrial-cresce-em-julho-pela-segunda-vez-consecutiva-aponta-pesquisa-do-sistema-fiergs\/\" class=\"\"><img loading=\"lazy\" decoding=\"async\" width=\"2560\" height=\"1280\" src=\"http:\/\/sol.fm.br\/radio\/wp-content\/uploads\/2026\/08\/0-scaled.png\" class=\"attachment-full size-full wp-post-image\" alt=\"\" title=\"0\" srcset=\"http:\/\/sol.fm.br\/radio\/wp-content\/uploads\/2026\/08\/0-scaled.png 2560w, http:\/\/sol.fm.br\/radio\/wp-content\/uploads\/2026\/08\/0-400x200.png 400w, http:\/\/sol.fm.br\/radio\/wp-content\/uploads\/2026\/08\/0-768x384.png 768w, http:\/\/sol.fm.br\/radio\/wp-content\/uploads\/2026\/08\/0-1536x768.png 1536w, http:\/\/sol.fm.br\/radio\/wp-content\/uploads\/2026\/08\/0-2048x1024.png 2048w\" sizes=\"auto, (max-width: 2560px) 100vw, 2560px\" \/><\/a>\r\n\t\t\t\t\t\t\t\t\t\t\t\t\t\t\t\t\t\t\t\t\t\t\t<\/div><!-- .dslc-blog-post-thumb-inner -->\r\n\r\n\t\t\t\t\t\t\t\t\t\t\r\n\t\t\t\t\t\t\t\t\t\t\r\n\t\t\t\t\t\t\t\t\t<\/div><!-- .dslc-blog-post-thumb -->\r\n\r\n\t\t\t\t\t\t\t\t\r\n\t\t\t\t\t\t\t\r\n\t\t\t\t\t\t\t\r\n\t\t\t\t\t\t\t\t<div class=\"dslc-post-main dslc-blog-post-main\">\r\n\r\n\t\t\t\t\t\t\t\t\t\r\n\t\t\t\t\t\t\t\t\t\r\n\t\t\t\t\t\t\t\t\t\t<div class=\"dslc-blog-post-title\">\r\n\t\t\t\t\t\t\t\t\t\t\t<h2><a href=\"http:\/\/sol.fm.br\/radio\/producao-industrial-cresce-em-julho-pela-segunda-vez-consecutiva-aponta-pesquisa-do-sistema-fiergs\/\">Produ\u00e7\u00e3o industrial cresce em julho pela segunda vez consecutiva, aponta pesquisa do Sistema FIERGS<\/a><\/h2>\r\n\t\t\t\t\t\t\t\t\t\t<\/div><!-- .dslc-blog-post-title -->\r\n\r\n\t\t\t\t\t\t\t\t\t\r\n\t\t\t\t\t\t\t\t\t\r\n\t\t\t\t\t\t\t\t\t\r\n\t\t\t\t\t\t\t\t\t\t<div class=\"dslc-blog-post-excerpt\">\r\n\t\t\t\t\t\t\t\t\t\t\t\t\t\t\t\t\t\t\t\t\t\t\tApesar da melhora no indicador, estoques subiram e expectativas se deterioraram \u00a0 O \u00edndice de produ\u00e7\u00e3o da ind\u00fastria ga\u00facha registrou&hellip;\t\t\t\t\t\t\t\t\t\t\t\t\t\t\t\t\t\t\t\t\t<\/div><!-- .dslc-blog-post-excerpt -->\r\n\r\n\t\t\t\t\t\t\t\t\t\r\n\t\t\t\t\t\t\t\t\t\r\n\t\t\t\t\t\t\t\t<\/div><!-- .blog-post-main -->\r\n\r\n\t\t\t\t\t\t\t\t\r\n\t\t\t\t\t\t\t\t\r\n\t\t\t\t\t\t\t\r\n\t\t\t\t\t\t<\/div><!-- .dslc-blog-post -->\r\n\r\n\t\t\t\t\t\t\r\n\t\t\t\t\t\t<div class=\"dslc-post-separator\"><\/div>\r\n\t<div class=\"dslc-post dslc-blog-post dslc-col dslc-4-col  dslc-first-col dslc-post-format-standard\" data-cats=\"sem-categoria \">\r\n\r\n\t\r\n\t\t\t\t\t\t\t\t\r\n\t\t\t\t\t\t\t\t\t<div class=\"dslc-blog-post-thumb dslc-post-thumb dslc-on-hover-anim\">\r\n\r\n\t\t\t\t\t\t\t\t\t\t\r\n\t\t\t\t\t\t\t\t\t\t\t<div class=\"dslc-blog-post-thumb-inner dslca-post-thumb\">\r\n\t\t\t\t\t\t\t\t\t\t\t\t\r\n\t\t\t\t\t\t\t\t\t\t\t\t\t\t\t\t\t\t\t\t\t\t\t\t\t<a href=\"http:\/\/sol.fm.br\/radio\/quando-o-clima-atravessa-a-porta-de-casa-a-europa-endurece-suas-exigencias\/\" class=\"\"><img loading=\"lazy\" decoding=\"async\" width=\"300\" height=\"199\" src=\"http:\/\/sol.fm.br\/radio\/wp-content\/uploads\/2026\/08\/6-9.jpg\" class=\"attachment-full size-full wp-post-image\" alt=\"\" title=\"6\" \/><\/a>\r\n\t\t\t\t\t\t\t\t\t\t\t\t\t\t\t\t\t\t\t\t\t\t\t<\/div><!-- .dslc-blog-post-thumb-inner -->\r\n\r\n\t\t\t\t\t\t\t\t\t\t\r\n\t\t\t\t\t\t\t\t\t\t\r\n\t\t\t\t\t\t\t\t\t<\/div><!-- .dslc-blog-post-thumb -->\r\n\r\n\t\t\t\t\t\t\t\t\r\n\t\t\t\t\t\t\t\r\n\t\t\t\t\t\t\t\r\n\t\t\t\t\t\t\t\t<div class=\"dslc-post-main dslc-blog-post-main\">\r\n\r\n\t\t\t\t\t\t\t\t\t\r\n\t\t\t\t\t\t\t\t\t\r\n\t\t\t\t\t\t\t\t\t\t<div class=\"dslc-blog-post-title\">\r\n\t\t\t\t\t\t\t\t\t\t\t<h2><a href=\"http:\/\/sol.fm.br\/radio\/quando-o-clima-atravessa-a-porta-de-casa-a-europa-endurece-suas-exigencias\/\">Quando o clima atravessa a porta de casa, a Europa endurece suas exig\u00eancias<\/a><\/h2>\r\n\t\t\t\t\t\t\t\t\t\t<\/div><!-- .dslc-blog-post-title -->\r\n\r\n\t\t\t\t\t\t\t\t\t\r\n\t\t\t\t\t\t\t\t\t\r\n\t\t\t\t\t\t\t\t\t\r\n\t\t\t\t\t\t\t\t\t\t<div class=\"dslc-blog-post-excerpt\">\r\n\t\t\t\t\t\t\t\t\t\t\t\t\t\t\t\t\t\t\t\t\t\t\tPor S\u00e9rgio Rocha* Durante muito tempo, a agenda clim\u00e1tica europeia p\u00f4de ser percebida, sobretudo fora do continente, como uma constru\u00e7\u00e3o&hellip;\t\t\t\t\t\t\t\t\t\t\t\t\t\t\t\t\t\t\t\t\t<\/div><!-- .dslc-blog-post-excerpt -->\r\n\r\n\t\t\t\t\t\t\t\t\t\r\n\t\t\t\t\t\t\t\t\t\r\n\t\t\t\t\t\t\t\t<\/div><!-- .blog-post-main -->\r\n\r\n\t\t\t\t\t\t\t\t\r\n\t\t\t\t\t\t\t\t\r\n\t\t\t\t\t\t\t\r\n\t\t\t\t\t\t<\/div><!-- .dslc-blog-post -->\r\n\r\n\t\t\t\t\t\t\r\n\t\t\t\t\t\t\r\n\t<div class=\"dslc-post dslc-blog-post dslc-col dslc-4-col  dslc-post-format-standard\" data-cats=\"sem-categoria \">\r\n\r\n\t\r\n\t\t\t\t\t\t\t\t\r\n\t\t\t\t\t\t\t\t\t<div class=\"dslc-blog-post-thumb dslc-post-thumb dslc-on-hover-anim\">\r\n\r\n\t\t\t\t\t\t\t\t\t\t\r\n\t\t\t\t\t\t\t\t\t\t\t<div class=\"dslc-blog-post-thumb-inner dslca-post-thumb\">\r\n\t\t\t\t\t\t\t\t\t\t\t\t\r\n\t\t\t\t\t\t\t\t\t\t\t\t\t\t\t\t\t\t\t\t\t\t\t\t\t<a href=\"http:\/\/sol.fm.br\/radio\/ia-no-marketing-ferramenta-ou-ameaca\/\" class=\"\"><img loading=\"lazy\" decoding=\"async\" width=\"300\" height=\"150\" src=\"http:\/\/sol.fm.br\/radio\/wp-content\/uploads\/2026\/08\/5-10.jpg\" class=\"attachment-full size-full wp-post-image\" alt=\"\" title=\"5\" \/><\/a>\r\n\t\t\t\t\t\t\t\t\t\t\t\t\t\t\t\t\t\t\t\t\t\t\t<\/div><!-- .dslc-blog-post-thumb-inner -->\r\n\r\n\t\t\t\t\t\t\t\t\t\t\r\n\t\t\t\t\t\t\t\t\t\t\r\n\t\t\t\t\t\t\t\t\t<\/div><!-- .dslc-blog-post-thumb -->\r\n\r\n\t\t\t\t\t\t\t\t\r\n\t\t\t\t\t\t\t\r\n\t\t\t\t\t\t\t\r\n\t\t\t\t\t\t\t\t<div class=\"dslc-post-main dslc-blog-post-main\">\r\n\r\n\t\t\t\t\t\t\t\t\t\r\n\t\t\t\t\t\t\t\t\t\r\n\t\t\t\t\t\t\t\t\t\t<div class=\"dslc-blog-post-title\">\r\n\t\t\t\t\t\t\t\t\t\t\t<h2><a href=\"http:\/\/sol.fm.br\/radio\/ia-no-marketing-ferramenta-ou-ameaca\/\">IA no marketing: ferramenta ou amea\u00e7a?<\/a><\/h2>\r\n\t\t\t\t\t\t\t\t\t\t<\/div><!-- .dslc-blog-post-title -->\r\n\r\n\t\t\t\t\t\t\t\t\t\r\n\t\t\t\t\t\t\t\t\t\r\n\t\t\t\t\t\t\t\t\t\r\n\t\t\t\t\t\t\t\t\t\t<div class=\"dslc-blog-post-excerpt\">\r\n\t\t\t\t\t\t\t\t\t\t\t\t\t\t\t\t\t\t\t\t\t\t\tTecnologia j\u00e1 faz parte da rotina de profissionais da \u00e1rea, mas especialista do UniSenac - Porto Alegre alerta que seu&hellip;\t\t\t\t\t\t\t\t\t\t\t\t\t\t\t\t\t\t\t\t\t<\/div><!-- .dslc-blog-post-excerpt -->\r\n\r\n\t\t\t\t\t\t\t\t\t\r\n\t\t\t\t\t\t\t\t\t\r\n\t\t\t\t\t\t\t\t<\/div><!-- .blog-post-main -->\r\n\r\n\t\t\t\t\t\t\t\t\r\n\t\t\t\t\t\t\t\t\r\n\t\t\t\t\t\t\t\r\n\t\t\t\t\t\t<\/div><!-- .dslc-blog-post -->\r\n\r\n\t\t\t\t\t\t\r\n\t\t\t\t\t\t\r\n\t<div class=\"dslc-post dslc-blog-post dslc-col dslc-4-col  dslc-last-col dslc-post-format-standard\" data-cats=\"sem-categoria \">\r\n\r\n\t\r\n\t\t\t\t\t\t\t\t\r\n\t\t\t\t\t\t\t\t\t<div class=\"dslc-blog-post-thumb dslc-post-thumb dslc-on-hover-anim\">\r\n\r\n\t\t\t\t\t\t\t\t\t\t\r\n\t\t\t\t\t\t\t\t\t\t\t<div class=\"dslc-blog-post-thumb-inner dslca-post-thumb\">\r\n\t\t\t\t\t\t\t\t\t\t\t\t\r\n\t\t\t\t\t\t\t\t\t\t\t\t\t\t\t\t\t\t\t\t\t\t\t\t\t<a href=\"http:\/\/sol.fm.br\/radio\/5-beneficios-corporativos-que-mais-influenciam-na-retencao-de-talentos-em-pmes\/\" class=\"\"><img loading=\"lazy\" decoding=\"async\" width=\"300\" height=\"199\" src=\"http:\/\/sol.fm.br\/radio\/wp-content\/uploads\/2026\/08\/4-12.jpg\" class=\"attachment-full size-full wp-post-image\" alt=\"\" title=\"4\" \/><\/a>\r\n\t\t\t\t\t\t\t\t\t\t\t\t\t\t\t\t\t\t\t\t\t\t\t<\/div><!-- .dslc-blog-post-thumb-inner -->\r\n\r\n\t\t\t\t\t\t\t\t\t\t\r\n\t\t\t\t\t\t\t\t\t\t\r\n\t\t\t\t\t\t\t\t\t<\/div><!-- .dslc-blog-post-thumb -->\r\n\r\n\t\t\t\t\t\t\t\t\r\n\t\t\t\t\t\t\t\r\n\t\t\t\t\t\t\t\r\n\t\t\t\t\t\t\t\t<div class=\"dslc-post-main dslc-blog-post-main\">\r\n\r\n\t\t\t\t\t\t\t\t\t\r\n\t\t\t\t\t\t\t\t\t\r\n\t\t\t\t\t\t\t\t\t\t<div class=\"dslc-blog-post-title\">\r\n\t\t\t\t\t\t\t\t\t\t\t<h2><a href=\"http:\/\/sol.fm.br\/radio\/5-beneficios-corporativos-que-mais-influenciam-na-retencao-de-talentos-em-pmes\/\">5 benef\u00edcios corporativos que mais influenciam na reten\u00e7\u00e3o de talentos em PMEs<\/a><\/h2>\r\n\t\t\t\t\t\t\t\t\t\t<\/div><!-- .dslc-blog-post-title -->\r\n\r\n\t\t\t\t\t\t\t\t\t\r\n\t\t\t\t\t\t\t\t\t\r\n\t\t\t\t\t\t\t\t\t\r\n\t\t\t\t\t\t\t\t\t\t<div class=\"dslc-blog-post-excerpt\">\r\n\t\t\t\t\t\t\t\t\t\t\t\t\t\t\t\t\t\t\t\t\t\t\tEspecialista explica como estrat\u00e9gias de benef\u00edcios passam a ser ferramenta de competitividade para pequenas e m\u00e9dias empresas diante da disputa&hellip;\t\t\t\t\t\t\t\t\t\t\t\t\t\t\t\t\t\t\t\t\t<\/div><!-- .dslc-blog-post-excerpt -->\r\n\r\n\t\t\t\t\t\t\t\t\t\r\n\t\t\t\t\t\t\t\t\t\r\n\t\t\t\t\t\t\t\t<\/div><!-- .blog-post-main -->\r\n\r\n\t\t\t\t\t\t\t\t\r\n\t\t\t\t\t\t\t\t\r\n\t\t\t\t\t\t\t\r\n\t\t\t\t\t\t<\/div><!-- .dslc-blog-post -->\r\n\r\n\t\t\t\t\t\t\r\n\t\t\t\t\t\t<div class=\"dslc-post-separator\"><\/div>\r\n\t<div class=\"dslc-post dslc-blog-post dslc-col dslc-4-col  dslc-first-col dslc-post-format-standard\" data-cats=\"sem-categoria \">\r\n\r\n\t\r\n\t\t\t\t\t\t\t\t\r\n\t\t\t\t\t\t\t\t\t<div class=\"dslc-blog-post-thumb dslc-post-thumb dslc-on-hover-anim\">\r\n\r\n\t\t\t\t\t\t\t\t\t\t\r\n\t\t\t\t\t\t\t\t\t\t\t<div class=\"dslc-blog-post-thumb-inner dslca-post-thumb\">\r\n\t\t\t\t\t\t\t\t\t\t\t\t\r\n\t\t\t\t\t\t\t\t\t\t\t\t\t\t\t\t\t\t\t\t\t\t\t\t\t<a href=\"http:\/\/sol.fm.br\/radio\/curso-gratuito-destaca-boas-praticas-para-conciliar-agricultura-e-preservacao-das-abelhas\/\" class=\"\"><img loading=\"lazy\" decoding=\"async\" width=\"2560\" height=\"1707\" src=\"http:\/\/sol.fm.br\/radio\/wp-content\/uploads\/2026\/08\/3-1-4-scaled.jpg\" class=\"attachment-full size-full wp-post-image\" alt=\"\" title=\"3 (1)\" srcset=\"http:\/\/sol.fm.br\/radio\/wp-content\/uploads\/2026\/08\/3-1-4-scaled.jpg 2560w, http:\/\/sol.fm.br\/radio\/wp-content\/uploads\/2026\/08\/3-1-4-400x267.jpg 400w, http:\/\/sol.fm.br\/radio\/wp-content\/uploads\/2026\/08\/3-1-4-768x512.jpg 768w, http:\/\/sol.fm.br\/radio\/wp-content\/uploads\/2026\/08\/3-1-4-600x400.jpg 600w, http:\/\/sol.fm.br\/radio\/wp-content\/uploads\/2026\/08\/3-1-4-1536x1024.jpg 1536w, http:\/\/sol.fm.br\/radio\/wp-content\/uploads\/2026\/08\/3-1-4-2048x1365.jpg 2048w\" sizes=\"auto, (max-width: 2560px) 100vw, 2560px\" \/><\/a>\r\n\t\t\t\t\t\t\t\t\t\t\t\t\t\t\t\t\t\t\t\t\t\t\t<\/div><!-- .dslc-blog-post-thumb-inner -->\r\n\r\n\t\t\t\t\t\t\t\t\t\t\r\n\t\t\t\t\t\t\t\t\t\t\r\n\t\t\t\t\t\t\t\t\t<\/div><!-- .dslc-blog-post-thumb -->\r\n\r\n\t\t\t\t\t\t\t\t\r\n\t\t\t\t\t\t\t\r\n\t\t\t\t\t\t\t\r\n\t\t\t\t\t\t\t\t<div class=\"dslc-post-main dslc-blog-post-main\">\r\n\r\n\t\t\t\t\t\t\t\t\t\r\n\t\t\t\t\t\t\t\t\t\r\n\t\t\t\t\t\t\t\t\t\t<div class=\"dslc-blog-post-title\">\r\n\t\t\t\t\t\t\t\t\t\t\t<h2><a href=\"http:\/\/sol.fm.br\/radio\/curso-gratuito-destaca-boas-praticas-para-conciliar-agricultura-e-preservacao-das-abelhas\/\">Curso gratuito destaca boas pr\u00e1ticas para conciliar agricultura e preserva\u00e7\u00e3o das abelhas<\/a><\/h2>\r\n\t\t\t\t\t\t\t\t\t\t<\/div><!-- .dslc-blog-post-title -->\r\n\r\n\t\t\t\t\t\t\t\t\t\r\n\t\t\t\t\t\t\t\t\t\r\n\t\t\t\t\t\t\t\t\t\r\n\t\t\t\t\t\t\t\t\t\t<div class=\"dslc-blog-post-excerpt\">\r\n\t\t\t\t\t\t\t\t\t\t\t\t\t\t\t\t\t\t\t\t\t\t\tIniciativa do Sindiveg apresenta orienta\u00e7\u00f5es para agricultores e apicultores e refor\u00e7a a import\u00e2ncia do uso correto de defensivos agr\u00edcolas A&hellip;\t\t\t\t\t\t\t\t\t\t\t\t\t\t\t\t\t\t\t\t\t<\/div><!-- .dslc-blog-post-excerpt -->\r\n\r\n\t\t\t\t\t\t\t\t\t\r\n\t\t\t\t\t\t\t\t\t\r\n\t\t\t\t\t\t\t\t<\/div><!-- .blog-post-main -->\r\n\r\n\t\t\t\t\t\t\t\t\r\n\t\t\t\t\t\t\t\t\r\n\t\t\t\t\t\t\t\r\n\t\t\t\t\t\t<\/div><!-- .dslc-blog-post -->\r\n\r\n\t\t\t\t\t\t\r\n\t\t\t\t\t\t\r\n\t<div class=\"dslc-post dslc-blog-post dslc-col dslc-4-col  dslc-post-format-standard\" data-cats=\"sem-categoria \">\r\n\r\n\t\r\n\t\t\t\t\t\t\t\t\r\n\t\t\t\t\t\t\t\t\t<div class=\"dslc-blog-post-thumb dslc-post-thumb dslc-on-hover-anim\">\r\n\r\n\t\t\t\t\t\t\t\t\t\t\r\n\t\t\t\t\t\t\t\t\t\t\t<div class=\"dslc-blog-post-thumb-inner dslca-post-thumb\">\r\n\t\t\t\t\t\t\t\t\t\t\t\t\r\n\t\t\t\t\t\t\t\t\t\t\t\t\t\t\t\t\t\t\t\t\t\t\t\t\t<a href=\"http:\/\/sol.fm.br\/radio\/apae-de-taquara-sedia-encontro-das-apaes-do-6o-conselho-regional-na-faccat\/\" class=\"\"><img loading=\"lazy\" decoding=\"async\" width=\"768\" height=\"806\" src=\"http:\/\/sol.fm.br\/radio\/wp-content\/uploads\/2026\/08\/2-8.jpg\" class=\"attachment-full size-full wp-post-image\" alt=\"\" title=\"2\" srcset=\"http:\/\/sol.fm.br\/radio\/wp-content\/uploads\/2026\/08\/2-8.jpg 768w, http:\/\/sol.fm.br\/radio\/wp-content\/uploads\/2026\/08\/2-8-381x400.jpg 381w\" sizes=\"auto, (max-width: 768px) 100vw, 768px\" \/><\/a>\r\n\t\t\t\t\t\t\t\t\t\t\t\t\t\t\t\t\t\t\t\t\t\t\t<\/div><!-- .dslc-blog-post-thumb-inner -->\r\n\r\n\t\t\t\t\t\t\t\t\t\t\r\n\t\t\t\t\t\t\t\t\t\t\r\n\t\t\t\t\t\t\t\t\t<\/div><!-- .dslc-blog-post-thumb -->\r\n\r\n\t\t\t\t\t\t\t\t\r\n\t\t\t\t\t\t\t\r\n\t\t\t\t\t\t\t\r\n\t\t\t\t\t\t\t\t<div class=\"dslc-post-main dslc-blog-post-main\">\r\n\r\n\t\t\t\t\t\t\t\t\t\r\n\t\t\t\t\t\t\t\t\t\r\n\t\t\t\t\t\t\t\t\t\t<div class=\"dslc-blog-post-title\">\r\n\t\t\t\t\t\t\t\t\t\t\t<h2><a href=\"http:\/\/sol.fm.br\/radio\/apae-de-taquara-sedia-encontro-das-apaes-do-6o-conselho-regional-na-faccat\/\">APAE de Taquara sedia Encontro das APAEs do 6\u00ba Conselho Regional na FACCAT<\/a><\/h2>\r\n\t\t\t\t\t\t\t\t\t\t<\/div><!-- .dslc-blog-post-title -->\r\n\r\n\t\t\t\t\t\t\t\t\t\r\n\t\t\t\t\t\t\t\t\t\r\n\t\t\t\t\t\t\t\t\t\r\n\t\t\t\t\t\t\t\t\t\t<div class=\"dslc-blog-post-excerpt\">\r\n\t\t\t\t\t\t\t\t\t\t\t\t\t\t\t\t\t\t\t\t\t\t\tA APAE de Taquara sediou, na ter\u00e7a-feira, 25 de agosto, o Encontro das APAEs do 6\u00ba Conselho Regional\/RS. Realizado no&hellip;\t\t\t\t\t\t\t\t\t\t\t\t\t\t\t\t\t\t\t\t\t<\/div><!-- .dslc-blog-post-excerpt -->\r\n\r\n\t\t\t\t\t\t\t\t\t\r\n\t\t\t\t\t\t\t\t\t\r\n\t\t\t\t\t\t\t\t<\/div><!-- .blog-post-main -->\r\n\r\n\t\t\t\t\t\t\t\t\r\n\t\t\t\t\t\t\t\t\r\n\t\t\t\t\t\t\t\r\n\t\t\t\t\t\t<\/div><!-- .dslc-blog-post -->\r\n\r\n\t\t\t\t\t\t\r\n\t\t\t\t\t\t\r\n\t<div class=\"dslc-post dslc-blog-post dslc-col dslc-4-col  dslc-last-col dslc-post-format-standard\" data-cats=\"sem-categoria \">\r\n\r\n\t\r\n\t\t\t\t\t\t\t\t\r\n\t\t\t\t\t\t\t\t\t<div class=\"dslc-blog-post-thumb dslc-post-thumb dslc-on-hover-anim\">\r\n\r\n\t\t\t\t\t\t\t\t\t\t\r\n\t\t\t\t\t\t\t\t\t\t\t<div class=\"dslc-blog-post-thumb-inner dslca-post-thumb\">\r\n\t\t\t\t\t\t\t\t\t\t\t\t\r\n\t\t\t\t\t\t\t\t\t\t\t\t\t\t\t\t\t\t\t\t\t\t\t\t\t<a href=\"http:\/\/sol.fm.br\/radio\/vulcabras-abre-vagas-para-o-centro-de-pesquisa-e-desenvolvimento-em-parobe\/\" class=\"\"><img loading=\"lazy\" decoding=\"async\" width=\"300\" height=\"200\" src=\"http:\/\/sol.fm.br\/radio\/wp-content\/uploads\/2026\/08\/1-7.jpg\" class=\"attachment-full size-full wp-post-image\" alt=\"\" title=\"1\" \/><\/a>\r\n\t\t\t\t\t\t\t\t\t\t\t\t\t\t\t\t\t\t\t\t\t\t\t<\/div><!-- .dslc-blog-post-thumb-inner -->\r\n\r\n\t\t\t\t\t\t\t\t\t\t\r\n\t\t\t\t\t\t\t\t\t\t\r\n\t\t\t\t\t\t\t\t\t<\/div><!-- .dslc-blog-post-thumb -->\r\n\r\n\t\t\t\t\t\t\t\t\r\n\t\t\t\t\t\t\t\r\n\t\t\t\t\t\t\t\r\n\t\t\t\t\t\t\t\t<div class=\"dslc-post-main dslc-blog-post-main\">\r\n\r\n\t\t\t\t\t\t\t\t\t\r\n\t\t\t\t\t\t\t\t\t\r\n\t\t\t\t\t\t\t\t\t\t<div class=\"dslc-blog-post-title\">\r\n\t\t\t\t\t\t\t\t\t\t\t<h2><a href=\"http:\/\/sol.fm.br\/radio\/vulcabras-abre-vagas-para-o-centro-de-pesquisa-e-desenvolvimento-em-parobe\/\">Vulcabras abre vagas para o Centro de Pesquisa e Desenvolvimento em Parob\u00e9<\/a><\/h2>\r\n\t\t\t\t\t\t\t\t\t\t<\/div><!-- .dslc-blog-post-title -->\r\n\r\n\t\t\t\t\t\t\t\t\t\r\n\t\t\t\t\t\t\t\t\t\r\n\t\t\t\t\t\t\t\t\t\r\n\t\t\t\t\t\t\t\t\t\t<div class=\"dslc-blog-post-excerpt\">\r\n\t\t\t\t\t\t\t\t\t\t\t\t\t\t\t\t\t\t\t\t\t\t\tA companhia est\u00e1 com posi\u00e7\u00f5es abertas para profissionais com ou sem experi\u00eancia e mant\u00e9m banco de talentos para futuras oportunidades&hellip;\t\t\t\t\t\t\t\t\t\t\t\t\t\t\t\t\t\t\t\t\t<\/div><!-- .dslc-blog-post-excerpt -->\r\n\r\n\t\t\t\t\t\t\t\t\t\r\n\t\t\t\t\t\t\t\t\t\r\n\t\t\t\t\t\t\t\t<\/div><!-- .blog-post-main -->\r\n\r\n\t\t\t\t\t\t\t\t\r\n\t\t\t\t\t\t\t\t\r\n\t\t\t\t\t\t\t\r\n\t\t\t\t\t\t<\/div><!-- .dslc-blog-post -->\r\n\r\n\t\t\t\t\t\t\r\n\t\t\t\t\t\t<div class=\"dslc-post-separator\"><\/div>\r\n\t<div class=\"dslc-post dslc-blog-post dslc-col dslc-4-col  dslc-first-col dslc-post-format-standard\" data-cats=\"sem-categoria \">\r\n\r\n\t\r\n\t\t\t\t\t\t\t\t\r\n\t\t\t\t\t\t\t\t\t<div class=\"dslc-blog-post-thumb dslc-post-thumb dslc-on-hover-anim\">\r\n\r\n\t\t\t\t\t\t\t\t\t\t\r\n\t\t\t\t\t\t\t\t\t\t\t<div class=\"dslc-blog-post-thumb-inner dslca-post-thumb\">\r\n\t\t\t\t\t\t\t\t\t\t\t\t\r\n\t\t\t\t\t\t\t\t\t\t\t\t\t\t\t\t\t\t\t\t\t\t\t\t\t<a href=\"http:\/\/sol.fm.br\/radio\/ultimos-dias-para-participar-do-conexao-digital-da-sicredi-caminho-das-aguas\/\" class=\"\"><img loading=\"lazy\" decoding=\"async\" width=\"300\" height=\"168\" src=\"http:\/\/sol.fm.br\/radio\/wp-content\/uploads\/2026\/08\/0-10.jpg\" class=\"attachment-full size-full wp-post-image\" alt=\"\" title=\"0\" \/><\/a>\r\n\t\t\t\t\t\t\t\t\t\t\t\t\t\t\t\t\t\t\t\t\t\t\t<\/div><!-- .dslc-blog-post-thumb-inner -->\r\n\r\n\t\t\t\t\t\t\t\t\t\t\r\n\t\t\t\t\t\t\t\t\t\t\r\n\t\t\t\t\t\t\t\t\t<\/div><!-- .dslc-blog-post-thumb -->\r\n\r\n\t\t\t\t\t\t\t\t\r\n\t\t\t\t\t\t\t\r\n\t\t\t\t\t\t\t\r\n\t\t\t\t\t\t\t\t<div class=\"dslc-post-main dslc-blog-post-main\">\r\n\r\n\t\t\t\t\t\t\t\t\t\r\n\t\t\t\t\t\t\t\t\t\r\n\t\t\t\t\t\t\t\t\t\t<div class=\"dslc-blog-post-title\">\r\n\t\t\t\t\t\t\t\t\t\t\t<h2><a href=\"http:\/\/sol.fm.br\/radio\/ultimos-dias-para-participar-do-conexao-digital-da-sicredi-caminho-das-aguas\/\">\u00daltimos dias para participar do Conex\u00e3o Digital da Sicredi Caminho das \u00c1guas<\/a><\/h2>\r\n\t\t\t\t\t\t\t\t\t\t<\/div><!-- .dslc-blog-post-title -->\r\n\r\n\t\t\t\t\t\t\t\t\t\r\n\t\t\t\t\t\t\t\t\t\r\n\t\t\t\t\t\t\t\t\t\r\n\t\t\t\t\t\t\t\t\t\t<div class=\"dslc-blog-post-excerpt\">\r\n\t\t\t\t\t\t\t\t\t\t\t\t\t\t\t\t\t\t\t\t\t\t\tAssociados t\u00eam at\u00e9 28 de agosto para conhecer resultados e votar em projeto da cooperativa Os associados da Sicredi Caminho&hellip;\t\t\t\t\t\t\t\t\t\t\t\t\t\t\t\t\t\t\t\t\t<\/div><!-- .dslc-blog-post-excerpt -->\r\n\r\n\t\t\t\t\t\t\t\t\t\r\n\t\t\t\t\t\t\t\t\t\r\n\t\t\t\t\t\t\t\t<\/div><!-- .blog-post-main -->\r\n\r\n\t\t\t\t\t\t\t\t\r\n\t\t\t\t\t\t\t\t\r\n\t\t\t\t\t\t\t\r\n\t\t\t\t\t\t<\/div><!-- .dslc-blog-post -->\r\n\r\n\t\t\t\t\t\t\r\n\t\t\t\t\t\t\r\n\t<div class=\"dslc-post dslc-blog-post dslc-col dslc-4-col  dslc-post-format-standard\" data-cats=\"sem-categoria \">\r\n\r\n\t\r\n\t\t\t\t\t\t\t\t\r\n\t\t\t\t\t\t\t\t\t<div class=\"dslc-blog-post-thumb dslc-post-thumb dslc-on-hover-anim\">\r\n\r\n\t\t\t\t\t\t\t\t\t\t\r\n\t\t\t\t\t\t\t\t\t\t\t<div class=\"dslc-blog-post-thumb-inner dslca-post-thumb\">\r\n\t\t\t\t\t\t\t\t\t\t\t\t\r\n\t\t\t\t\t\t\t\t\t\t\t\t\t\t\t\t\t\t\t\t\t\t\t\t\t<a href=\"http:\/\/sol.fm.br\/radio\/consorcio-sthem-brasil-capacita-docentes\/\" class=\"\"><img loading=\"lazy\" decoding=\"async\" width=\"900\" height=\"1309\" src=\"http:\/\/sol.fm.br\/radio\/wp-content\/uploads\/2026\/08\/7.jpeg\" class=\"attachment-full size-full wp-post-image\" alt=\"\" title=\"7\" srcset=\"http:\/\/sol.fm.br\/radio\/wp-content\/uploads\/2026\/08\/7.jpeg 900w, http:\/\/sol.fm.br\/radio\/wp-content\/uploads\/2026\/08\/7-275x400.jpeg 275w, http:\/\/sol.fm.br\/radio\/wp-content\/uploads\/2026\/08\/7-768x1117.jpeg 768w\" sizes=\"auto, (max-width: 900px) 100vw, 900px\" \/><\/a>\r\n\t\t\t\t\t\t\t\t\t\t\t\t\t\t\t\t\t\t\t\t\t\t\t<\/div><!-- .dslc-blog-post-thumb-inner -->\r\n\r\n\t\t\t\t\t\t\t\t\t\t\r\n\t\t\t\t\t\t\t\t\t\t\r\n\t\t\t\t\t\t\t\t\t<\/div><!-- .dslc-blog-post-thumb -->\r\n\r\n\t\t\t\t\t\t\t\t\r\n\t\t\t\t\t\t\t\r\n\t\t\t\t\t\t\t\r\n\t\t\t\t\t\t\t\t<div class=\"dslc-post-main dslc-blog-post-main\">\r\n\r\n\t\t\t\t\t\t\t\t\t\r\n\t\t\t\t\t\t\t\t\t\r\n\t\t\t\t\t\t\t\t\t\t<div class=\"dslc-blog-post-title\">\r\n\t\t\t\t\t\t\t\t\t\t\t<h2><a href=\"http:\/\/sol.fm.br\/radio\/consorcio-sthem-brasil-capacita-docentes\/\">Cons\u00f3rcio Sthem Brasil capacita docentes<\/a><\/h2>\r\n\t\t\t\t\t\t\t\t\t\t<\/div><!-- .dslc-blog-post-title -->\r\n\r\n\t\t\t\t\t\t\t\t\t\r\n\t\t\t\t\t\t\t\t\t\r\n\t\t\t\t\t\t\t\t\t\r\n\t\t\t\t\t\t\t\t\t\t<div class=\"dslc-blog-post-excerpt\">\r\n\t\t\t\t\t\t\t\t\t\t\t\t\t\t\t\t\t\t\t\t\t\t\tPrimando pela qualidade do ensino e pela constante atualiza\u00e7\u00e3o de suas pr\u00e1ticas pedag\u00f3gicas, as Faculdades Integradas de Taquara (Faccat) proporcionam&hellip;\t\t\t\t\t\t\t\t\t\t\t\t\t\t\t\t\t\t\t\t\t<\/div><!-- .dslc-blog-post-excerpt -->\r\n\r\n\t\t\t\t\t\t\t\t\t\r\n\t\t\t\t\t\t\t\t\t\r\n\t\t\t\t\t\t\t\t<\/div><!-- .blog-post-main -->\r\n\r\n\t\t\t\t\t\t\t\t\r\n\t\t\t\t\t\t\t\t\r\n\t\t\t\t\t\t\t\r\n\t\t\t\t\t\t<\/div><!-- .dslc-blog-post -->\r\n\r\n\t\t\t\t\t\t\r\n\t\t\t\t\t\t\r\n\t<div class=\"dslc-post dslc-blog-post dslc-col dslc-4-col  dslc-last-col dslc-post-format-standard\" data-cats=\"sem-categoria \">\r\n\r\n\t\r\n\t\t\t\t\t\t\t\t\r\n\t\t\t\t\t\t\t\t\t<div class=\"dslc-blog-post-thumb dslc-post-thumb dslc-on-hover-anim\">\r\n\r\n\t\t\t\t\t\t\t\t\t\t\r\n\t\t\t\t\t\t\t\t\t\t\t<div class=\"dslc-blog-post-thumb-inner dslca-post-thumb\">\r\n\t\t\t\t\t\t\t\t\t\t\t\t\r\n\t\t\t\t\t\t\t\t\t\t\t\t\t\t\t\t\t\t\t\t\t\t\t\t\t<a href=\"http:\/\/sol.fm.br\/radio\/quando-a-casa-vira-escritorio-como-recuperar-o-espaco-de-descanso-depois-do-expediente\/\" class=\"\"><img loading=\"lazy\" decoding=\"async\" width=\"640\" height=\"480\" src=\"http:\/\/sol.fm.br\/radio\/wp-content\/uploads\/2026\/08\/6-8.jpg\" class=\"attachment-full size-full wp-post-image\" alt=\"\" title=\"6\" srcset=\"http:\/\/sol.fm.br\/radio\/wp-content\/uploads\/2026\/08\/6-8.jpg 640w, http:\/\/sol.fm.br\/radio\/wp-content\/uploads\/2026\/08\/6-8-400x300.jpg 400w\" sizes=\"auto, (max-width: 640px) 100vw, 640px\" \/><\/a>\r\n\t\t\t\t\t\t\t\t\t\t\t\t\t\t\t\t\t\t\t\t\t\t\t<\/div><!-- .dslc-blog-post-thumb-inner -->\r\n\r\n\t\t\t\t\t\t\t\t\t\t\r\n\t\t\t\t\t\t\t\t\t\t\r\n\t\t\t\t\t\t\t\t\t<\/div><!-- .dslc-blog-post-thumb -->\r\n\r\n\t\t\t\t\t\t\t\t\r\n\t\t\t\t\t\t\t\r\n\t\t\t\t\t\t\t\r\n\t\t\t\t\t\t\t\t<div class=\"dslc-post-main dslc-blog-post-main\">\r\n\r\n\t\t\t\t\t\t\t\t\t\r\n\t\t\t\t\t\t\t\t\t\r\n\t\t\t\t\t\t\t\t\t\t<div class=\"dslc-blog-post-title\">\r\n\t\t\t\t\t\t\t\t\t\t\t<h2><a href=\"http:\/\/sol.fm.br\/radio\/quando-a-casa-vira-escritorio-como-recuperar-o-espaco-de-descanso-depois-do-expediente\/\">Quando a casa vira escrit\u00f3rio: como recuperar o espa\u00e7o de descanso depois do expediente<\/a><\/h2>\r\n\t\t\t\t\t\t\t\t\t\t<\/div><!-- .dslc-blog-post-title -->\r\n\r\n\t\t\t\t\t\t\t\t\t\r\n\t\t\t\t\t\t\t\t\t\r\n\t\t\t\t\t\t\t\t\t\r\n\t\t\t\t\t\t\t\t\t\t<div class=\"dslc-blog-post-excerpt\">\r\n\t\t\t\t\t\t\t\t\t\t\t\t\t\t\t\t\t\t\t\t\t\t\tCom o avan\u00e7o do trabalho remoto, ambientes dom\u00e9sticos passaram a acumular fun\u00e7\u00f5es e novas formas de separar produtividade, descanso e&hellip;\t\t\t\t\t\t\t\t\t\t\t\t\t\t\t\t\t\t\t\t\t<\/div><!-- .dslc-blog-post-excerpt -->\r\n\r\n\t\t\t\t\t\t\t\t\t\r\n\t\t\t\t\t\t\t\t\t\r\n\t\t\t\t\t\t\t\t<\/div><!-- .blog-post-main -->\r\n\r\n\t\t\t\t\t\t\t\t\r\n\t\t\t\t\t\t\t\t\r\n\t\t\t\t\t\t\t\r\n\t\t\t\t\t\t<\/div><!-- .dslc-blog-post -->\r\n\r\n\t\t\t\t\t\t\r\n\t\t\t\t\t\t<div class=\"dslc-post-separator\"><\/div>\r\n\t<div class=\"dslc-post dslc-blog-post dslc-col dslc-4-col  dslc-first-col dslc-post-format-standard\" data-cats=\"sem-categoria \">\r\n\r\n\t\r\n\t\t\t\t\t\t\t\t\r\n\t\t\t\t\t\t\t\t\t<div class=\"dslc-blog-post-thumb dslc-post-thumb dslc-on-hover-anim\">\r\n\r\n\t\t\t\t\t\t\t\t\t\t\r\n\t\t\t\t\t\t\t\t\t\t\t<div class=\"dslc-blog-post-thumb-inner dslca-post-thumb\">\r\n\t\t\t\t\t\t\t\t\t\t\t\t\r\n\t\t\t\t\t\t\t\t\t\t\t\t\t\t\t\t\t\t\t\t\t\t\t\t\t<a href=\"http:\/\/sol.fm.br\/radio\/qualy-inova-e-lanca-qualy-facil-sua-primeira-margarina-focada-em-versatilidade-culinaria-e-novas-ocasioes-de-consumo\/\" class=\"\"><img loading=\"lazy\" decoding=\"async\" width=\"290\" height=\"443\" src=\"http:\/\/sol.fm.br\/radio\/wp-content\/uploads\/2026\/08\/5-9.jpg\" class=\"attachment-full size-full wp-post-image\" alt=\"\" title=\"5\" srcset=\"http:\/\/sol.fm.br\/radio\/wp-content\/uploads\/2026\/08\/5-9.jpg 290w, http:\/\/sol.fm.br\/radio\/wp-content\/uploads\/2026\/08\/5-9-262x400.jpg 262w\" sizes=\"auto, (max-width: 290px) 100vw, 290px\" \/><\/a>\r\n\t\t\t\t\t\t\t\t\t\t\t\t\t\t\t\t\t\t\t\t\t\t\t<\/div><!-- .dslc-blog-post-thumb-inner -->\r\n\r\n\t\t\t\t\t\t\t\t\t\t\r\n\t\t\t\t\t\t\t\t\t\t\r\n\t\t\t\t\t\t\t\t\t<\/div><!-- .dslc-blog-post-thumb -->\r\n\r\n\t\t\t\t\t\t\t\t\r\n\t\t\t\t\t\t\t\r\n\t\t\t\t\t\t\t\r\n\t\t\t\t\t\t\t\t<div class=\"dslc-post-main dslc-blog-post-main\">\r\n\r\n\t\t\t\t\t\t\t\t\t\r\n\t\t\t\t\t\t\t\t\t\r\n\t\t\t\t\t\t\t\t\t\t<div class=\"dslc-blog-post-title\">\r\n\t\t\t\t\t\t\t\t\t\t\t<h2><a href=\"http:\/\/sol.fm.br\/radio\/qualy-inova-e-lanca-qualy-facil-sua-primeira-margarina-focada-em-versatilidade-culinaria-e-novas-ocasioes-de-consumo\/\">Qualy inova e lan\u00e7a \"Qualy F\u00e1cil\", sua primeira margarina focada em versatilidade culin\u00e1ria e novas ocasi\u00f5es de consumo<\/a><\/h2>\r\n\t\t\t\t\t\t\t\t\t\t<\/div><!-- .dslc-blog-post-title -->\r\n\r\n\t\t\t\t\t\t\t\t\t\r\n\t\t\t\t\t\t\t\t\t\r\n\t\t\t\t\t\t\t\t\t\r\n\t\t\t\t\t\t\t\t\t\t<div class=\"dslc-blog-post-excerpt\">\r\n\t\t\t\t\t\t\t\t\t\t\t\t\t\t\t\t\t\t\t\t\t\t\tNovidade chega \u00e0s g\u00f4ndolas de supermercados em agosto nas vers\u00f5es Tradicional e Alho e Cebola L\u00edder da categoria de margarinas&hellip;\t\t\t\t\t\t\t\t\t\t\t\t\t\t\t\t\t\t\t\t\t<\/div><!-- .dslc-blog-post-excerpt -->\r\n\r\n\t\t\t\t\t\t\t\t\t\r\n\t\t\t\t\t\t\t\t\t\r\n\t\t\t\t\t\t\t\t<\/div><!-- .blog-post-main -->\r\n\r\n\t\t\t\t\t\t\t\t\r\n\t\t\t\t\t\t\t\t\r\n\t\t\t\t\t\t\t\r\n\t\t\t\t\t\t<\/div><!-- .dslc-blog-post -->\r\n\r\n\t\t\t\t\t\t\r\n\t\t\t\t\t\t\r\n\t<div class=\"dslc-post dslc-blog-post dslc-col dslc-4-col  dslc-post-format-standard\" data-cats=\"sem-categoria \">\r\n\r\n\t\r\n\t\t\t\t\t\t\t\t\r\n\t\t\t\t\t\t\t\t\t<div class=\"dslc-blog-post-thumb dslc-post-thumb dslc-on-hover-anim\">\r\n\r\n\t\t\t\t\t\t\t\t\t\t\r\n\t\t\t\t\t\t\t\t\t\t\t<div class=\"dslc-blog-post-thumb-inner dslca-post-thumb\">\r\n\t\t\t\t\t\t\t\t\t\t\t\t\r\n\t\t\t\t\t\t\t\t\t\t\t\t\t\t\t\t\t\t\t\t\t\t\t\t\t<a href=\"http:\/\/sol.fm.br\/radio\/em-meio-a-mudancas-climaticas-lindsay-investe-em-tecnologia-de-monitoramento-para-ampliar-a-produtividade-na-agricultura\/\" class=\"\"><img loading=\"lazy\" decoding=\"async\" width=\"300\" height=\"181\" src=\"http:\/\/sol.fm.br\/radio\/wp-content\/uploads\/2026\/08\/4-11.jpg\" class=\"attachment-full size-full wp-post-image\" alt=\"\" title=\"4\" \/><\/a>\r\n\t\t\t\t\t\t\t\t\t\t\t\t\t\t\t\t\t\t\t\t\t\t\t<\/div><!-- .dslc-blog-post-thumb-inner -->\r\n\r\n\t\t\t\t\t\t\t\t\t\t\r\n\t\t\t\t\t\t\t\t\t\t\r\n\t\t\t\t\t\t\t\t\t<\/div><!-- .dslc-blog-post-thumb -->\r\n\r\n\t\t\t\t\t\t\t\t\r\n\t\t\t\t\t\t\t\r\n\t\t\t\t\t\t\t\r\n\t\t\t\t\t\t\t\t<div class=\"dslc-post-main dslc-blog-post-main\">\r\n\r\n\t\t\t\t\t\t\t\t\t\r\n\t\t\t\t\t\t\t\t\t\r\n\t\t\t\t\t\t\t\t\t\t<div class=\"dslc-blog-post-title\">\r\n\t\t\t\t\t\t\t\t\t\t\t<h2><a href=\"http:\/\/sol.fm.br\/radio\/em-meio-a-mudancas-climaticas-lindsay-investe-em-tecnologia-de-monitoramento-para-ampliar-a-produtividade-na-agricultura\/\">Em meio a mudan\u00e7as clim\u00e1ticas, Lindsay investe em tecnologia de monitoramento para ampliar a produtividade na agricultura<\/a><\/h2>\r\n\t\t\t\t\t\t\t\t\t\t<\/div><!-- .dslc-blog-post-title -->\r\n\r\n\t\t\t\t\t\t\t\t\t\r\n\t\t\t\t\t\t\t\t\t\r\n\t\t\t\t\t\t\t\t\t\r\n\t\t\t\t\t\t\t\t\t\t<div class=\"dslc-blog-post-excerpt\">\r\n\t\t\t\t\t\t\t\t\t\t\t\t\t\t\t\t\t\t\t\t\t\t\tEmpresa tem em seu portf\u00f3lio as solu\u00e7\u00f5es da Metos que apresentam previs\u00f5es do tempo e medi\u00e7\u00f5es de importantes indicadores como&hellip;\t\t\t\t\t\t\t\t\t\t\t\t\t\t\t\t\t\t\t\t\t<\/div><!-- .dslc-blog-post-excerpt -->\r\n\r\n\t\t\t\t\t\t\t\t\t\r\n\t\t\t\t\t\t\t\t\t\r\n\t\t\t\t\t\t\t\t<\/div><!-- .blog-post-main -->\r\n\r\n\t\t\t\t\t\t\t\t\r\n\t\t\t\t\t\t\t\t\r\n\t\t\t\t\t\t\t\r\n\t\t\t\t\t\t<\/div><!-- .dslc-blog-post -->\r\n\r\n\t\t\t\t\t\t\r\n\t\t\t\t\t\t\r\n\t<div class=\"dslc-post dslc-blog-post dslc-col dslc-4-col  dslc-last-col dslc-post-format-standard\" data-cats=\"sem-categoria \">\r\n\r\n\t\r\n\t\t\t\t\t\t\t\t\r\n\t\t\t\t\t\t\t\t\t<div class=\"dslc-blog-post-thumb dslc-post-thumb dslc-on-hover-anim\">\r\n\r\n\t\t\t\t\t\t\t\t\t\t\r\n\t\t\t\t\t\t\t\t\t\t\t<div class=\"dslc-blog-post-thumb-inner dslca-post-thumb\">\r\n\t\t\t\t\t\t\t\t\t\t\t\t\r\n\t\t\t\t\t\t\t\t\t\t\t\t\t\t\t\t\t\t\t\t\t\t\t\t\t<a href=\"http:\/\/sol.fm.br\/radio\/ceo-da-propria-vida-como-assumir-o-controle-da-propria-trajetoria-e-construir-um-legado-consistente\/\" class=\"\"><img loading=\"lazy\" decoding=\"async\" width=\"300\" height=\"200\" src=\"http:\/\/sol.fm.br\/radio\/wp-content\/uploads\/2026\/08\/3-9.jpg\" class=\"attachment-full size-full wp-post-image\" alt=\"\" title=\"3\" \/><\/a>\r\n\t\t\t\t\t\t\t\t\t\t\t\t\t\t\t\t\t\t\t\t\t\t\t<\/div><!-- .dslc-blog-post-thumb-inner -->\r\n\r\n\t\t\t\t\t\t\t\t\t\t\r\n\t\t\t\t\t\t\t\t\t\t\r\n\t\t\t\t\t\t\t\t\t<\/div><!-- .dslc-blog-post-thumb -->\r\n\r\n\t\t\t\t\t\t\t\t\r\n\t\t\t\t\t\t\t\r\n\t\t\t\t\t\t\t\r\n\t\t\t\t\t\t\t\t<div class=\"dslc-post-main dslc-blog-post-main\">\r\n\r\n\t\t\t\t\t\t\t\t\t\r\n\t\t\t\t\t\t\t\t\t\r\n\t\t\t\t\t\t\t\t\t\t<div class=\"dslc-blog-post-title\">\r\n\t\t\t\t\t\t\t\t\t\t\t<h2><a href=\"http:\/\/sol.fm.br\/radio\/ceo-da-propria-vida-como-assumir-o-controle-da-propria-trajetoria-e-construir-um-legado-consistente\/\">CEO da pr\u00f3pria vida: como assumir o controle da pr\u00f3pria trajet\u00f3ria e construir um legado consistente<\/a><\/h2>\r\n\t\t\t\t\t\t\t\t\t\t<\/div><!-- .dslc-blog-post-title -->\r\n\r\n\t\t\t\t\t\t\t\t\t\r\n\t\t\t\t\t\t\t\t\t\r\n\t\t\t\t\t\t\t\t\t\r\n\t\t\t\t\t\t\t\t\t\t<div class=\"dslc-blog-post-excerpt\">\r\n\t\t\t\t\t\t\t\t\t\t\t\t\t\t\t\t\t\t\t\t\t\t\tEm livro de estreia, executiva reflete sobre carreira, maturidade e protagonismo, narra os desafios enfrentados e apresenta li\u00e7\u00f5es para quem&hellip;\t\t\t\t\t\t\t\t\t\t\t\t\t\t\t\t\t\t\t\t\t<\/div><!-- .dslc-blog-post-excerpt -->\r\n\r\n\t\t\t\t\t\t\t\t\t\r\n\t\t\t\t\t\t\t\t\t\r\n\t\t\t\t\t\t\t\t<\/div><!-- .blog-post-main -->\r\n\r\n\t\t\t\t\t\t\t\t\r\n\t\t\t\t\t\t\t\t\r\n\t\t\t\t\t\t\t\r\n\t\t\t\t\t\t<\/div><!-- .dslc-blog-post -->\r\n\r\n\t\t\t\t\t\t\r\n\t\t\t\t\t\t<\/div><!-- .dslc-posts-inner -->\r\n\t\t\t\r\n\t\t\t\r\n\t<\/div><!-- .dslc-blog-posts --><\/div>\n<p><!-- .dslc-module -->\n\t\t<\/div>\n<style type=\"text\/css\" id=\"dslca-modules-area-54cd104ef0b\">.dslc-modules-area[data-modules-area-id=\"54cd104ef0b\"] {:px;margin-bottom:0px;:px;border-width:0px;border-style:solid;border-top-style: hidden; border-right-style: hidden; border-bottom-style: hidden; border-left-style: hidden; }<\/style>\n<div  class=\"dslc-modules-area dslc-col dslc-3-col dslc-last-col dslc-valign-  dslc-halign- \" data-size=\"3\" data-valign=\"\" data-modules-area-id=\"54cd104ef0b\" >\n<div id=\"dslc-module-9990ca1b230\" class=\"dslc-module-front dslc-module-DSLC_Widgets dslc-in-viewport-check dslc-in-viewport-anim-none  dslc-col dslc-12-col dslc-last-col  dslc-module-handle-like-regular \" data-module-id=\"9990ca1b230\" data-module=\"DSLC_Widgets\" data-dslc-module-size=\"12\" data-dslc-anim=\"none\" data-dslc-anim-delay=\"\" data-dslc-anim-duration=\"650\"  data-dslc-anim-easing=\"ease\" data-dslc-preset=\"none\" >\n<div class=\"dslc-widgets dslc-clearfix dslc-widgets-12-col\">\n<div class=\"dslc-widgets-wrap dslc-clearfix\">\n<div id=\"media_image-14\" class=\"dslc-widget dslc-col widget_media_image\">\n<div class=\"dslc-widget-wrap\"><img loading=\"lazy\" decoding=\"async\" width=\"400\" height=\"170\" src=\"http:\/\/sol.fm.br\/radio\/wp-content\/uploads\/2020\/04\/Sem-t\u00edtulo-1-400x170.png\" class=\"image wp-image-28855  attachment-medium size-medium\" alt=\"\" style=\"max-width: 100%; height: auto;\" srcset=\"http:\/\/sol.fm.br\/radio\/wp-content\/uploads\/2020\/04\/Sem-t\u00edtulo-1-400x170.png 400w, http:\/\/sol.fm.br\/radio\/wp-content\/uploads\/2020\/04\/Sem-t\u00edtulo-1-768x325.png 768w, http:\/\/sol.fm.br\/radio\/wp-content\/uploads\/2020\/04\/Sem-t\u00edtulo-1.png 774w\" sizes=\"auto, (max-width: 400px) 100vw, 400px\" \/><\/div>\n<\/div>\n<div id=\"text-4\" class=\"dslc-widget dslc-col widget_text\">\n<div class=\"dslc-widget-wrap\">\n<div class=\"textwidget\">\n<div id=\"audioigniter-82974\" class=\"audioigniter-root \" data-player-type=\"full\" data-tracks-url=\"http:\/\/sol.fm.br\/radio\/?audioigniter_playlist_id=82974\" data-display-track-no=\"true\" data-reverse-track-order=\"false\" data-display-tracklist-covers=\"false\" data-display-active-cover=\"false\" data-display-artist-names=\"true\" data-display-buy-buttons=\"true\" data-buy-buttons-target=\"true\" data-cycle-tracks=\"false\" data-display-credits=\"false\" data-display-tracklist=\"true\" data-allow-tracklist-toggle=\"true\" data-allow-tracklist-loop=\"true\" data-limit-tracklist-height=\"true\" data-volume=\"60\" data-tracklist-height=\"185\" ><\/div>\n<\/div><\/div>\n<\/div>\n<div id=\"sow-image-43\" class=\"dslc-widget dslc-col widget_sow-image\">\n<div class=\"dslc-widget-wrap\">\n<div\n\t\t\t\n\t\t\tclass=\"so-widget-sow-image so-widget-sow-image-default-dbf295114b96\"\n\t\t\t\n\t\t><\/p>\n<div class=\"sow-image-container\">\n\t\t\t<a href=\"https:\/\/sol.fm.br\/radio\/SOL%20FM.apk\"\n\t\t\t\t\t><br \/>\n\t\t\t<img \n\tsrc=\"http:\/\/sol.fm.br\/radio\/wp-content\/uploads\/2024\/11\/sol-app-2.jpg\" width=\"734\" height=\"350\" srcset=\"http:\/\/sol.fm.br\/radio\/wp-content\/uploads\/2024\/11\/sol-app-2.jpg 734w, http:\/\/sol.fm.br\/radio\/wp-content\/uploads\/2024\/11\/sol-app-2-400x191.jpg 400w\" sizes=\"(max-width: 734px) 100vw, 734px\" title=\"sol app\" alt=\"\" \t\tclass=\"so-widget-image\"\/><br \/>\n\t\t\t<\/a><\/div>\n<\/div>\n<\/div>\n<\/div>\n<div id=\"custom_html-3\" class=\"widget_text dslc-widget dslc-col widget_custom_html\">\n<div class=\"widget_text dslc-widget-wrap\">\n<div class=\"textwidget custom-html-widget\"><\/div>\n<\/div>\n<\/div>\n<div id=\"block-5\" class=\"dslc-widget dslc-col widget_block widget_text\">\n<div class=\"dslc-widget-wrap\">\n<\/div>\n<\/div>\n<div id=\"sow-image-23\" class=\"dslc-widget dslc-col widget_sow-image\">\n<div class=\"dslc-widget-wrap\">\n<div\n\t\t\t\n\t\t\tclass=\"so-widget-sow-image so-widget-sow-image-default-8b5b6f678277\"\n\t\t\t\n\t\t><\/p>\n<div class=\"sow-image-container\">\n\t\t\t<a href=\"https:\/\/alerta.rolante.ifrs.edu.br\/\"\n\t\t\ttarget=\"_blank\" rel=\"noopener noreferrer\" \t\t><br \/>\n\t\t\t<img \n\tsrc=\"http:\/\/sol.fm.br\/radio\/wp-content\/uploads\/2024\/12\/ALERTA.jpeg\" width=\"500\" height=\"500\" srcset=\"http:\/\/sol.fm.br\/radio\/wp-content\/uploads\/2024\/12\/ALERTA.jpeg 500w, http:\/\/sol.fm.br\/radio\/wp-content\/uploads\/2024\/12\/ALERTA-400x400.jpeg 400w\" sizes=\"(max-width: 500px) 100vw, 500px\" alt=\"\" \t\tclass=\"so-widget-image\"\/><br \/>\n\t\t\t<\/a><\/div>\n<\/div>\n<\/div>\n<\/div>\n<div id=\"sow-image-100\" class=\"dslc-widget dslc-col widget_sow-image\">\n<div class=\"dslc-widget-wrap\">\n<div\n\t\t\t\n\t\t\tclass=\"so-widget-sow-image so-widget-sow-image-default-8b5b6f678277\"\n\t\t\t\n\t\t><\/p>\n<div class=\"sow-image-container\">\n\t\t\t<a href=\"https:\/\/www.sicredi.com.br\/coop\/caminhodasaguasrs\/\"\n\t\t\ttarget=\"_blank\" rel=\"noopener noreferrer\" \t\t><br \/>\n\t\t\t<img \n\tsrc=\"http:\/\/sol.fm.br\/radio\/wp-content\/uploads\/2025\/12\/logo-SICREDI.png\" width=\"270\" height=\"140\" sizes=\"(max-width: 270px) 100vw, 270px\" alt=\"\" \t\tclass=\"so-widget-image\"\/><br \/>\n\t\t\t<\/a><\/div>\n<\/div>\n<\/div>\n<\/div>\n<div id=\"sow-image-110\" class=\"dslc-widget dslc-col widget_sow-image\">\n<div class=\"dslc-widget-wrap\">\n<div\n\t\t\t\n\t\t\tclass=\"so-widget-sow-image so-widget-sow-image-default-8b5b6f678277\"\n\t\t\t\n\t\t><\/p>\n<div class=\"sow-image-container\">\n\t\t\t<a href=\"https:\/\/www2.faccat.br\/portal\/\"\n\t\t\ttarget=\"_blank\" rel=\"noopener noreferrer\" \t\t><br \/>\n\t\t\t<img \n\tsrc=\"http:\/\/sol.fm.br\/radio\/wp-content\/uploads\/2026\/02\/Banner-FACCAT-Conceito-Maximo.png\" width=\"563\" height=\"292\" srcset=\"http:\/\/sol.fm.br\/radio\/wp-content\/uploads\/2026\/02\/Banner-FACCAT-Conceito-Maximo.png 563w, http:\/\/sol.fm.br\/radio\/wp-content\/uploads\/2026\/02\/Banner-FACCAT-Conceito-Maximo-400x207.png 400w\" sizes=\"(max-width: 563px) 100vw, 563px\" title=\"Banner FACCAT -Conceito M\u00e1ximo\" alt=\"\" \t\tclass=\"so-widget-image\"\/><br \/>\n\t\t\t<\/a><\/div>\n<\/div>\n<\/div>\n<\/div>\n<div id=\"sow-image-108\" class=\"dslc-widget dslc-col widget_sow-image\">\n<div class=\"dslc-widget-wrap\">\n<div\n\t\t\t\n\t\t\tclass=\"so-widget-sow-image so-widget-sow-image-default-8b5b6f678277\"\n\t\t\t\n\t\t><\/p>\n<div class=\"sow-image-container\">\n\t\t<img \n\tsrc=\"http:\/\/sol.fm.br\/radio\/wp-content\/uploads\/2017\/07\/d4c46832c8bf9c5699ffdd668875f5f5.gif\" width=\"300\" height=\"96\" sizes=\"(max-width: 300px) 100vw, 300px\" alt=\"\" \t\tclass=\"so-widget-image\"\/>\n\t<\/div>\n<\/div>\n<\/div>\n<\/div>\n<div id=\"sow-image-97\" class=\"dslc-widget dslc-col widget_sow-image\">\n<div class=\"dslc-widget-wrap\">\n<div\n\t\t\t\n\t\t\tclass=\"so-widget-sow-image so-widget-sow-image-default-8b5b6f678277\"\n\t\t\t\n\t\t><\/p>\n<div class=\"sow-image-container\">\n\t\t\t<a href=\"https:\/\/www.instagram.com\/amazon.madeiras?igsh=MWp3aGF4MWJrM3M4dA==\"\n\t\t\ttarget=\"_blank\" rel=\"noopener noreferrer\" \t\t><br \/>\n\t\t\t<img \n\tsrc=\"http:\/\/sol.fm.br\/radio\/wp-content\/uploads\/2025\/10\/amk.jpeg\" width=\"910\" height=\"593\" srcset=\"http:\/\/sol.fm.br\/radio\/wp-content\/uploads\/2025\/10\/amk.jpeg 910w, http:\/\/sol.fm.br\/radio\/wp-content\/uploads\/2025\/10\/amk-400x261.jpeg 400w, http:\/\/sol.fm.br\/radio\/wp-content\/uploads\/2025\/10\/amk-768x500.jpeg 768w\" sizes=\"(max-width: 910px) 100vw, 910px\" alt=\"\" \t\tclass=\"so-widget-image\"\/><br \/>\n\t\t\t<\/a><\/div>\n<\/div>\n<\/div>\n<\/div>\n<div id=\"sow-image-98\" class=\"dslc-widget dslc-col widget_sow-image\">\n<div class=\"dslc-widget-wrap\">\n<div\n\t\t\t\n\t\t\tclass=\"so-widget-sow-image so-widget-sow-image-default-8b5b6f678277\"\n\t\t\t\n\t\t><\/p>\n<div class=\"sow-image-container\">\n\t\t<img \n\tsrc=\"http:\/\/sol.fm.br\/radio\/wp-content\/uploads\/2026\/01\/Logo-Facta-emprestimo-rapido-e-facil.png\" width=\"270\" height=\"140\" sizes=\"(max-width: 270px) 100vw, 270px\" title=\"Logo Facta emprestimo rapido e f\u00e1cil\" alt=\"\" \t\tclass=\"so-widget-image\"\/>\n\t<\/div>\n<\/div>\n<\/div>\n<\/div>\n<div id=\"sow-image-111\" class=\"dslc-widget dslc-col widget_sow-image\">\n<div class=\"dslc-widget-wrap\">\n<div\n\t\t\t\n\t\t\tclass=\"so-widget-sow-image so-widget-sow-image-default-8b5b6f678277\"\n\t\t\t\n\t\t><\/p>\n<div class=\"sow-image-container\">\n\t\t\t<a href=\"https:\/\/www.instagram.com\/superreichert?igsh=Z2R2NnhvYnNjbGxs\"\n\t\t\t\t\t><br \/>\n\t\t\t<img \n\tsrc=\"http:\/\/sol.fm.br\/radio\/wp-content\/uploads\/2024\/03\/LOGO-2023-1.png\" width=\"2339\" height=\"1654\" srcset=\"http:\/\/sol.fm.br\/radio\/wp-content\/uploads\/2024\/03\/LOGO-2023-1.png 2339w, http:\/\/sol.fm.br\/radio\/wp-content\/uploads\/2024\/03\/LOGO-2023-1-400x283.png 400w, http:\/\/sol.fm.br\/radio\/wp-content\/uploads\/2024\/03\/LOGO-2023-1-768x543.png 768w, http:\/\/sol.fm.br\/radio\/wp-content\/uploads\/2024\/03\/LOGO-2023-1-1536x1086.png 1536w, http:\/\/sol.fm.br\/radio\/wp-content\/uploads\/2024\/03\/LOGO-2023-1-2048x1448.png 2048w\" sizes=\"(max-width: 2339px) 100vw, 2339px\" title=\"LOGO 2023-1\" alt=\"\" \t\tclass=\"so-widget-image\"\/><br \/>\n\t\t\t<\/a><\/div>\n<\/div>\n<\/div>\n<\/div>\n<div id=\"sow-image-76\" class=\"dslc-widget dslc-col widget_sow-image\">\n<div class=\"dslc-widget-wrap\">\n<div\n\t\t\t\n\t\t\tclass=\"so-widget-sow-image so-widget-sow-image-default-8b5b6f678277\"\n\t\t\t\n\t\t><\/p>\n<div class=\"sow-image-container\">\n\t\t\t<a href=\"https:\/\/www.instagram.com\/casadasrodas_?igsh=ejh2Z3I1czMxMzB6\"\n\t\t\ttarget=\"_blank\" rel=\"noopener noreferrer\" \t\t><br \/>\n\t\t\t<img \n\tsrc=\"http:\/\/sol.fm.br\/radio\/wp-content\/uploads\/2026\/03\/casa-rodas-reduzido.jpeg\" width=\"1600\" height=\"1236\" srcset=\"http:\/\/sol.fm.br\/radio\/wp-content\/uploads\/2026\/03\/casa-rodas-reduzido.jpeg 1600w, http:\/\/sol.fm.br\/radio\/wp-content\/uploads\/2026\/03\/casa-rodas-reduzido-400x309.jpeg 400w, http:\/\/sol.fm.br\/radio\/wp-content\/uploads\/2026\/03\/casa-rodas-reduzido-768x593.jpeg 768w, http:\/\/sol.fm.br\/radio\/wp-content\/uploads\/2026\/03\/casa-rodas-reduzido-1536x1187.jpeg 1536w\" sizes=\"(max-width: 1600px) 100vw, 1600px\" title=\"casa rodas reduzido\" alt=\"\" \t\tclass=\"so-widget-image\"\/><br \/>\n\t\t\t<\/a><\/div>\n<\/div>\n<\/div>\n<\/div>\n<div id=\"sow-image-114\" class=\"dslc-widget dslc-col widget_sow-image\">\n<div class=\"dslc-widget-wrap\">\n<div\n\t\t\t\n\t\t\tclass=\"so-widget-sow-image so-widget-sow-image-default-8b5b6f678277\"\n\t\t\t\n\t\t><\/p>\n<div class=\"sow-image-container\">\n\t\t\t<a href=\"http:\/\/www.saojoaofarmacias.com.br\"\n\t\t\ttarget=\"_blank\" rel=\"noopener noreferrer\" \t\t><br \/>\n\t\t\t<img \n\tsrc=\"http:\/\/sol.fm.br\/radio\/wp-content\/uploads\/2023\/03\/Sao-Joao.jpg\" width=\"1280\" height=\"344\" srcset=\"http:\/\/sol.fm.br\/radio\/wp-content\/uploads\/2023\/03\/Sao-Joao.jpg 1280w, http:\/\/sol.fm.br\/radio\/wp-content\/uploads\/2023\/03\/Sao-Joao-400x108.jpg 400w, http:\/\/sol.fm.br\/radio\/wp-content\/uploads\/2023\/03\/Sao-Joao-768x206.jpg 768w\" sizes=\"(max-width: 1280px) 100vw, 1280px\" title=\"S\u00e3o Jo\u00e3o\" alt=\"\" \t\tclass=\"so-widget-image\"\/><br \/>\n\t\t\t<\/a><\/div>\n<\/div>\n<\/div>\n<\/div>\n<div id=\"sow-image-92\" class=\"dslc-widget dslc-col widget_sow-image\">\n<div class=\"dslc-widget-wrap\">\n<div\n\t\t\t\n\t\t\tclass=\"so-widget-sow-image so-widget-sow-image-default-8b5b6f678277\"\n\t\t\t\n\t\t><\/p>\n<div class=\"sow-image-container\">\n\t\t\t<a href=\"https:\/\/www.instagram.com\/usehappyz?igsh=cXpnNDhoNzBrMTZw&#038;utm_source=qr\"\n\t\t\ttarget=\"_blank\" rel=\"noopener noreferrer\" \t\t><br \/>\n\t\t\t<img \n\tsrc=\"http:\/\/sol.fm.br\/radio\/wp-content\/uploads\/2025\/09\/HAPPYZ.jpeg\" width=\"1000\" height=\"581\" srcset=\"http:\/\/sol.fm.br\/radio\/wp-content\/uploads\/2025\/09\/HAPPYZ.jpeg 1000w, http:\/\/sol.fm.br\/radio\/wp-content\/uploads\/2025\/09\/HAPPYZ-400x232.jpeg 400w, http:\/\/sol.fm.br\/radio\/wp-content\/uploads\/2025\/09\/HAPPYZ-768x446.jpeg 768w\" sizes=\"(max-width: 1000px) 100vw, 1000px\" alt=\"\" \t\tclass=\"so-widget-image\"\/><br \/>\n\t\t\t<\/a><\/div>\n<\/div>\n<\/div>\n<\/div>\n<div id=\"sow-image-113\" class=\"dslc-widget dslc-col widget_sow-image\">\n<div class=\"dslc-widget-wrap\">\n<div\n\t\t\t\n\t\t\tclass=\"so-widget-sow-image so-widget-sow-image-default-8b5b6f678277\"\n\t\t\t\n\t\t><\/p>\n<div class=\"sow-image-container\">\n\t\t\t<a href=\"https:\/\/tr.ee\/CY5U5S9PXw\"\n\t\t\ttarget=\"_blank\" rel=\"noopener noreferrer\" \t\t><br \/>\n\t\t\t<img \n\tsrc=\"http:\/\/sol.fm.br\/radio\/wp-content\/uploads\/2026\/02\/Wslkrupp.jpeg\" width=\"1600\" height=\"1132\" srcset=\"http:\/\/sol.fm.br\/radio\/wp-content\/uploads\/2026\/02\/Wslkrupp.jpeg 1600w, http:\/\/sol.fm.br\/radio\/wp-content\/uploads\/2026\/02\/Wslkrupp-400x283.jpeg 400w, http:\/\/sol.fm.br\/radio\/wp-content\/uploads\/2026\/02\/Wslkrupp-768x543.jpeg 768w, http:\/\/sol.fm.br\/radio\/wp-content\/uploads\/2026\/02\/Wslkrupp-1536x1087.jpeg 1536w\" sizes=\"(max-width: 1600px) 100vw, 1600px\" alt=\"\" \t\tclass=\"so-widget-image\"\/><br \/>\n\t\t\t<\/a><\/div>\n<\/div>\n<\/div>\n<\/div>\n<div id=\"sow-image-105\" class=\"dslc-widget dslc-col widget_sow-image\">\n<div class=\"dslc-widget-wrap\">\n<div\n\t\t\t\n\t\t\tclass=\"so-widget-sow-image so-widget-sow-image-default-8b5b6f678277\"\n\t\t\t\n\t\t><\/p>\n<div class=\"sow-image-container\">\n\t\t\t<a href=\"https:\/\/wa.me\/message\/V2EURGW25YLVN1?fbclid=PAAaZYy7i8OsA4N-5MnhGCenJim21x8-g-B8wZmqS0bHv-l-MQVyJTlP3HB34_aem_ATRz0NcClUXhbPJ2L6QvfPKgmkUQuHvt7QsDIoDqMF3AL_ZQrZ6D0gZH05JvZVKvULs\"\n\t\t\ttarget=\"_blank\" rel=\"noopener noreferrer\" \t\t><br \/>\n\t\t\t<img \n\tsrc=\"http:\/\/sol.fm.br\/radio\/wp-content\/uploads\/2025\/06\/somavilla.jpeg\" width=\"1080\" height=\"468\" srcset=\"http:\/\/sol.fm.br\/radio\/wp-content\/uploads\/2025\/06\/somavilla.jpeg 1080w, http:\/\/sol.fm.br\/radio\/wp-content\/uploads\/2025\/06\/somavilla-400x173.jpeg 400w, http:\/\/sol.fm.br\/radio\/wp-content\/uploads\/2025\/06\/somavilla-768x333.jpeg 768w\" sizes=\"(max-width: 1080px) 100vw, 1080px\" alt=\"\" \t\tclass=\"so-widget-image\"\/><br \/>\n\t\t\t<\/a><\/div>\n<\/div>\n<\/div>\n<\/div>\n<div id=\"sow-image-99\" class=\"dslc-widget dslc-col widget_sow-image\">\n<div class=\"dslc-widget-wrap\">\n<div\n\t\t\t\n\t\t\tclass=\"so-widget-sow-image so-widget-sow-image-default-8b5b6f678277\"\n\t\t\t\n\t\t><\/p>\n<div class=\"sow-image-container\">\n\t\t\t<a href=\"https:\/\/www.instagram.com\/mackeferragens\/\"\n\t\t\ttarget=\"_blank\" rel=\"noopener noreferrer\" \t\t><br \/>\n\t\t\t<img \n\tsrc=\"http:\/\/sol.fm.br\/radio\/wp-content\/uploads\/2024\/03\/Macke.jpeg\" width=\"714\" height=\"524\" srcset=\"http:\/\/sol.fm.br\/radio\/wp-content\/uploads\/2024\/03\/Macke.jpeg 714w, http:\/\/sol.fm.br\/radio\/wp-content\/uploads\/2024\/03\/Macke-400x294.jpeg 400w\" sizes=\"(max-width: 714px) 100vw, 714px\" alt=\"\" \t\tclass=\"so-widget-image\"\/><br \/>\n\t\t\t<\/a><\/div>\n<\/div>\n<\/div>\n<\/div>\n<div id=\"sow-image-81\" class=\"dslc-widget dslc-col widget_sow-image\">\n<div class=\"dslc-widget-wrap\">\n<div\n\t\t\t\n\t\t\tclass=\"so-widget-sow-image so-widget-sow-image-default-8b5b6f678277\"\n\t\t\t\n\t\t><\/p>\n<div class=\"sow-image-container\">\n\t\t\t<a href=\"https:\/\/instagram.com\/doiszecafebistro?igshid=MzRlODBiNWFlZA==\"\n\t\t\ttarget=\"_blank\" rel=\"noopener noreferrer\" \t\t><br \/>\n\t\t\t<img \n\tsrc=\"http:\/\/sol.fm.br\/radio\/wp-content\/uploads\/2025\/06\/dois-ze.jpeg\" width=\"1348\" height=\"1068\" srcset=\"http:\/\/sol.fm.br\/radio\/wp-content\/uploads\/2025\/06\/dois-ze.jpeg 1348w, http:\/\/sol.fm.br\/radio\/wp-content\/uploads\/2025\/06\/dois-ze-400x317.jpeg 400w, http:\/\/sol.fm.br\/radio\/wp-content\/uploads\/2025\/06\/dois-ze-768x608.jpeg 768w\" sizes=\"(max-width: 1348px) 100vw, 1348px\" title=\"dois ze\" alt=\"\" \t\tclass=\"so-widget-image\"\/><br \/>\n\t\t\t<\/a><\/div>\n<\/div>\n<\/div>\n<\/div>\n<div id=\"sow-image-70\" class=\"dslc-widget dslc-col widget_sow-image\">\n<div class=\"dslc-widget-wrap\">\n<div\n\t\t\t\n\t\t\tclass=\"so-widget-sow-image so-widget-sow-image-default-8b5b6f678277\"\n\t\t\t\n\t\t><\/p>\n<div class=\"sow-image-container\">\n\t\t\t<a href=\"https:\/\/www.instagram.com\/wa.eventosefestas?igsh=MTd1Znp5MnZ2OTVhbg==\"\n\t\t\t\t\t><br \/>\n\t\t\t<img \n\tsrc=\"http:\/\/sol.fm.br\/radio\/wp-content\/uploads\/2025\/11\/WA-KIDS.gif\" width=\"1240\" height=\"1080\" srcset=\"http:\/\/sol.fm.br\/radio\/wp-content\/uploads\/2025\/11\/WA-KIDS.gif 1240w, http:\/\/sol.fm.br\/radio\/wp-content\/uploads\/2025\/11\/WA-KIDS-400x348.gif 400w, http:\/\/sol.fm.br\/radio\/wp-content\/uploads\/2025\/11\/WA-KIDS-768x669.gif 768w\" sizes=\"(max-width: 1240px) 100vw, 1240px\" title=\"WA KIDS\" alt=\"\" \t\tclass=\"so-widget-image\"\/><br \/>\n\t\t\t<\/a><\/div>\n<\/div>\n<\/div>\n<\/div>\n<div id=\"sow-image-107\" class=\"dslc-widget dslc-col widget_sow-image\">\n<div class=\"dslc-widget-wrap\">\n<div\n\t\t\t\n\t\t\tclass=\"so-widget-sow-image so-widget-sow-image-default-8b5b6f678277\"\n\t\t\t\n\t\t><\/p>\n<div class=\"sow-image-container\">\n\t\t\t<a href=\"https:\/\/wa.me\/5551995874208?src=qr\"\n\t\t\t\t\t><br \/>\n\t\t\t<img \n\tsrc=\"http:\/\/sol.fm.br\/radio\/wp-content\/uploads\/2025\/11\/garudan.jpeg\" width=\"591\" height=\"456\" srcset=\"http:\/\/sol.fm.br\/radio\/wp-content\/uploads\/2025\/11\/garudan.jpeg 591w, http:\/\/sol.fm.br\/radio\/wp-content\/uploads\/2025\/11\/garudan-400x309.jpeg 400w\" sizes=\"(max-width: 591px) 100vw, 591px\" alt=\"\" \t\tclass=\"so-widget-image\"\/><br \/>\n\t\t\t<\/a><\/div>\n<\/div>\n<\/div>\n<\/div>\n<div id=\"sow-image-106\" class=\"dslc-widget dslc-col widget_sow-image\">\n<div class=\"dslc-widget-wrap\">\n<div\n\t\t\t\n\t\t\tclass=\"so-widget-sow-image so-widget-sow-image-default-8b5b6f678277\"\n\t\t\t\n\t\t><\/p>\n<div class=\"sow-image-container\">\n\t\t<img \n\tsrc=\"http:\/\/sol.fm.br\/radio\/wp-content\/uploads\/2023\/03\/coppa.gif\" width=\"800\" height=\"565\" srcset=\"http:\/\/sol.fm.br\/radio\/wp-content\/uploads\/2023\/03\/coppa.gif 800w, http:\/\/sol.fm.br\/radio\/wp-content\/uploads\/2023\/03\/coppa-400x283.gif 400w, http:\/\/sol.fm.br\/radio\/wp-content\/uploads\/2023\/03\/coppa-768x542.gif 768w\" sizes=\"(max-width: 800px) 100vw, 800px\" alt=\"\" \t\tclass=\"so-widget-image\"\/>\n\t<\/div>\n<\/div>\n<\/div>\n<\/div>\n<div id=\"sow-image-44\" class=\"dslc-widget dslc-col widget_sow-image\">\n<div class=\"dslc-widget-wrap\">\n<div\n\t\t\t\n\t\t\tclass=\"so-widget-sow-image so-widget-sow-image-default-8b5b6f678277\"\n\t\t\t\n\t\t><\/p>\n<div class=\"sow-image-container\">\n\t\t\t<a href=\"https:\/\/www.facebook.com\/pontoeconomicoderolante\/\"\n\t\t\ttarget=\"_blank\" rel=\"noopener noreferrer\" \t\t><br \/>\n\t\t\t<img \n\tsrc=\"http:\/\/sol.fm.br\/radio\/wp-content\/uploads\/2018\/08\/Capturar.png\" width=\"794\" height=\"249\" srcset=\"http:\/\/sol.fm.br\/radio\/wp-content\/uploads\/2018\/08\/Capturar.png 794w, http:\/\/sol.fm.br\/radio\/wp-content\/uploads\/2018\/08\/Capturar-400x125.png 400w, http:\/\/sol.fm.br\/radio\/wp-content\/uploads\/2018\/08\/Capturar-768x241.png 768w\" sizes=\"(max-width: 794px) 100vw, 794px\" alt=\"\" \t\tclass=\"so-widget-image\"\/><br \/>\n\t\t\t<\/a><\/div>\n<\/div>\n<\/div>\n<\/div>\n<div id=\"sow-image-75\" class=\"dslc-widget dslc-col widget_sow-image\">\n<div class=\"dslc-widget-wrap\">\n<div\n\t\t\t\n\t\t\tclass=\"so-widget-sow-image so-widget-sow-image-default-8b5b6f678277\"\n\t\t\t\n\t\t><\/p>\n<div class=\"sow-image-container\">\n\t\t\t<a href=\"https:\/\/www.facebook.com\/FarrmaciaRolantense\"\n\t\t\ttarget=\"_blank\" rel=\"noopener noreferrer\" \t\t><br \/>\n\t\t\t<img \n\tsrc=\"http:\/\/sol.fm.br\/radio\/wp-content\/uploads\/2025\/06\/farm.png\" width=\"1416\" height=\"1152\" srcset=\"http:\/\/sol.fm.br\/radio\/wp-content\/uploads\/2025\/06\/farm.png 1416w, http:\/\/sol.fm.br\/radio\/wp-content\/uploads\/2025\/06\/farm-400x325.png 400w, http:\/\/sol.fm.br\/radio\/wp-content\/uploads\/2025\/06\/farm-768x625.png 768w\" sizes=\"(max-width: 1416px) 100vw, 1416px\" alt=\"\" \t\tclass=\"so-widget-image\"\/><br \/>\n\t\t\t<\/a><\/div>\n<\/div>\n<\/div>\n<\/div>\n<div id=\"sow-image-29\" class=\"dslc-widget dslc-col widget_sow-image\">\n<div class=\"dslc-widget-wrap\">\n<div\n\t\t\t\n\t\t\tclass=\"so-widget-sow-image so-widget-sow-image-default-8b5b6f678277\"\n\t\t\t\n\t\t><\/p>\n<div class=\"sow-image-container\">\n\t\t\t<a href=\"https:\/\/www.facebook.com\/redemac.jbschmidt.9\"\n\t\t\t\t\t><br \/>\n\t\t\t<img \n\tsrc=\"http:\/\/sol.fm.br\/radio\/wp-content\/uploads\/2017\/07\/8b991ed48f95345cf6426c09933179f2.gif\" width=\"300\" height=\"99\" sizes=\"(max-width: 300px) 100vw, 300px\" alt=\"\" \t\tclass=\"so-widget-image\"\/><br \/>\n\t\t\t<\/a><\/div>\n<\/div>\n<\/div>\n<\/div>\n<div id=\"sow-image-93\" class=\"dslc-widget dslc-col widget_sow-image\">\n<div class=\"dslc-widget-wrap\">\n<div\n\t\t\t\n\t\t\tclass=\"so-widget-sow-image so-widget-sow-image-default-8b5b6f678277\"\n\t\t\t\n\t\t><\/p>\n<div class=\"sow-image-container\">\n\t\t\t<a href=\"https:\/\/www.instagram.com\/oticaonix_\/\"\n\t\t\ttarget=\"_blank\" rel=\"noopener noreferrer\" \t\t><br \/>\n\t\t\t<img \n\tsrc=\"http:\/\/sol.fm.br\/radio\/wp-content\/uploads\/2018\/07\/2ab37a0255616d41171fcacbc2fe1a76.gif\" width=\"300\" height=\"181\" sizes=\"(max-width: 300px) 100vw, 300px\" alt=\"\" \t\tclass=\"so-widget-image\"\/><br \/>\n\t\t\t<\/a><\/div>\n<\/div>\n<\/div>\n<\/div>\n<div id=\"sow-image-86\" class=\"dslc-widget dslc-col widget_sow-image\">\n<div class=\"dslc-widget-wrap\">\n<div\n\t\t\t\n\t\t\tclass=\"so-widget-sow-image so-widget-sow-image-default-8b5b6f678277\"\n\t\t\t\n\t\t><\/p>\n<div class=\"sow-image-container\">\n\t\t\t<a href=\"https:\/\/linktr.ee\/tenediniautomoveiss?fbclid=PAAaaLFn0So8Ea20PQ02qGvHrva32X5MZaSJtTQ1gHfU2B9S9RCLNdi4uxKyM_aem_AS-9uectnSH7EWb4IbziMDxUJ4U6MPxbqoWjE9VfCsct_KWUugpfaUK9tGWc-me8kWQ\"\n\t\t\ttarget=\"_blank\" rel=\"noopener noreferrer\" \t\t><br \/>\n\t\t\t<img \n\tsrc=\"http:\/\/sol.fm.br\/radio\/wp-content\/uploads\/2024\/01\/Logo-Tenedini-Automoveis.png\" width=\"1000\" height=\"221\" srcset=\"http:\/\/sol.fm.br\/radio\/wp-content\/uploads\/2024\/01\/Logo-Tenedini-Automoveis.png 1000w, http:\/\/sol.fm.br\/radio\/wp-content\/uploads\/2024\/01\/Logo-Tenedini-Automoveis-400x88.png 400w, http:\/\/sol.fm.br\/radio\/wp-content\/uploads\/2024\/01\/Logo-Tenedini-Automoveis-768x170.png 768w\" sizes=\"(max-width: 1000px) 100vw, 1000px\" title=\"Logo-Tenedini Autom\u00f3veis\" alt=\"\" \t\tclass=\"so-widget-image\"\/><br \/>\n\t\t\t<\/a><\/div>\n<\/div>\n<\/div>\n<\/div>\n<div id=\"sow-image-27\" class=\"dslc-widget dslc-col widget_sow-image\">\n<div class=\"dslc-widget-wrap\">\n<div\n\t\t\t\n\t\t\tclass=\"so-widget-sow-image so-widget-sow-image-default-8b5b6f678277\"\n\t\t\t\n\t\t><\/p>\n<div class=\"sow-image-container\">\n\t\t\t<a href=\"https:\/\/instagram.com\/madebley?igshid=YmMyMTA2M2Y=\"\n\t\t\t\t\t><br \/>\n\t\t\t<img \n\tsrc=\"http:\/\/sol.fm.br\/radio\/wp-content\/uploads\/2017\/07\/9bb400e0d9d1b8b0013d78b2a4d6b3ff.gif\" width=\"300\" height=\"100\" sizes=\"(max-width: 300px) 100vw, 300px\" alt=\"\" \t\tclass=\"so-widget-image\"\/><br \/>\n\t\t\t<\/a><\/div>\n<\/div>\n<\/div>\n<\/div>\n<div id=\"sow-image-28\" class=\"dslc-widget dslc-col widget_sow-image\">\n<div class=\"dslc-widget-wrap\">\n<div\n\t\t\t\n\t\t\tclass=\"so-widget-sow-image so-widget-sow-image-default-8b5b6f678277\"\n\t\t\t\n\t\t><\/p>\n<div class=\"sow-image-container\">\n\t\t<img \n\tsrc=\"http:\/\/sol.fm.br\/radio\/wp-content\/uploads\/2017\/07\/0da16f1d122eb341cb4f28bf267218a1.gif\" width=\"300\" height=\"98\" sizes=\"(max-width: 300px) 100vw, 300px\" alt=\"\" \t\tclass=\"so-widget-image\"\/>\n\t<\/div>\n<\/div>\n<\/div>\n<\/div>\n<div id=\"sow-image-68\" class=\"dslc-widget dslc-col widget_sow-image\">\n<div class=\"dslc-widget-wrap\">\n<div\n\t\t\t\n\t\t\tclass=\"so-widget-sow-image so-widget-sow-image-default-8b5b6f678277\"\n\t\t\t\n\t\t><\/p>\n<div class=\"sow-image-container\">\n\t\t\t<a href=\"https:\/\/www.facebook.com\/M%C3%BCller-Auto-Vidros-1766037507006562\"\n\t\t\t\t\t><br \/>\n\t\t\t<img \n\tsrc=\"http:\/\/sol.fm.br\/radio\/wp-content\/uploads\/2022\/04\/Muller-Autovidros.jpg\" width=\"2074\" height=\"1118\" srcset=\"http:\/\/sol.fm.br\/radio\/wp-content\/uploads\/2022\/04\/Muller-Autovidros.jpg 2074w, http:\/\/sol.fm.br\/radio\/wp-content\/uploads\/2022\/04\/Muller-Autovidros-400x216.jpg 400w, http:\/\/sol.fm.br\/radio\/wp-content\/uploads\/2022\/04\/Muller-Autovidros-768x414.jpg 768w\" sizes=\"(max-width: 2074px) 100vw, 2074px\" title=\"Muller Autovidros\" alt=\"\" \t\tclass=\"so-widget-image\"\/><br \/>\n\t\t\t<\/a><\/div>\n<\/div>\n<\/div>\n<\/div>\n<div id=\"sow-image-69\" class=\"dslc-widget dslc-col widget_sow-image\">\n<div class=\"dslc-widget-wrap\">\n<div\n\t\t\t\n\t\t\tclass=\"so-widget-sow-image so-widget-sow-image-default-8b5b6f678277\"\n\t\t\t\n\t\t><\/p>\n<div class=\"sow-image-container\">\n\t\t\t<a href=\"https:\/\/www.instagram.com\/postokruppipiranga?igsh=MWlkZmNncWhibzNs\"\n\t\t\t\t\t><br \/>\n\t\t\t<img \n\tsrc=\"http:\/\/sol.fm.br\/radio\/wp-content\/uploads\/2026\/02\/Posto-Krupp.jpeg\" width=\"1368\" height=\"900\" srcset=\"http:\/\/sol.fm.br\/radio\/wp-content\/uploads\/2026\/02\/Posto-Krupp.jpeg 1368w, http:\/\/sol.fm.br\/radio\/wp-content\/uploads\/2026\/02\/Posto-Krupp-400x263.jpeg 400w, http:\/\/sol.fm.br\/radio\/wp-content\/uploads\/2026\/02\/Posto-Krupp-768x505.jpeg 768w\" sizes=\"(max-width: 1368px) 100vw, 1368px\" title=\"Posto Krupp\" alt=\"\" \t\tclass=\"so-widget-image\"\/><br \/>\n\t\t\t<\/a><\/div>\n<\/div>\n<\/div>\n<\/div>\n<div id=\"sow-image-88\" class=\"dslc-widget dslc-col widget_sow-image\">\n<div class=\"dslc-widget-wrap\">\n<div\n\t\t\t\n\t\t\tclass=\"so-widget-sow-image so-widget-sow-image-default-8b5b6f678277\"\n\t\t\t\n\t\t><\/p>\n<div class=\"sow-image-container\">\n\t\t\t<a href=\"https:\/\/wa.me\/+5551980241342?text=WHATSAPPREAL\"\n\t\t\t\t\t><br \/>\n\t\t\t<img \n\tsrc=\"http:\/\/sol.fm.br\/radio\/wp-content\/uploads\/2025\/06\/ALANA.RADIO_.png\" width=\"2951\" height=\"1476\" srcset=\"http:\/\/sol.fm.br\/radio\/wp-content\/uploads\/2025\/06\/ALANA.RADIO_.png 2951w, http:\/\/sol.fm.br\/radio\/wp-content\/uploads\/2025\/06\/ALANA.RADIO_-400x200.png 400w, http:\/\/sol.fm.br\/radio\/wp-content\/uploads\/2025\/06\/ALANA.RADIO_-768x384.png 768w, http:\/\/sol.fm.br\/radio\/wp-content\/uploads\/2025\/06\/ALANA.RADIO_-1536x768.png 1536w, http:\/\/sol.fm.br\/radio\/wp-content\/uploads\/2025\/06\/ALANA.RADIO_-2048x1024.png 2048w\" sizes=\"(max-width: 2951px) 100vw, 2951px\" title=\"ALANA.R\u00c1DIO.\" alt=\"\" \t\tclass=\"so-widget-image\"\/><br \/>\n\t\t\t<\/a><\/div>\n<\/div>\n<\/div>\n<\/div>\n<div id=\"sow-image-77\" class=\"dslc-widget dslc-col widget_sow-image\">\n<div class=\"dslc-widget-wrap\">\n<div\n\t\t\t\n\t\t\tclass=\"so-widget-sow-image so-widget-sow-image-default-dbf295114b96\"\n\t\t\t\n\t\t><\/p>\n<div class=\"sow-image-container\">\n\t\t\t<a href=\"https:\/\/instagram.com\/hospitalrolante?igshid=YmMyMTA2M2Y=\"\n\t\t\ttarget=\"_blank\" rel=\"noopener noreferrer\" \t\t><br \/>\n\t\t\t<img \n\tsrc=\"http:\/\/sol.fm.br\/radio\/wp-content\/uploads\/2023\/03\/FHR-Logo.jpg\" width=\"201\" height=\"104\" sizes=\"(max-width: 201px) 100vw, 201px\" title=\"FHR Logo\" alt=\"\" \t\tclass=\"so-widget-image\"\/><br \/>\n\t\t\t<\/a><\/div>\n<\/div>\n<\/div>\n<\/div>\n<div id=\"block-2\" class=\"dslc-widget dslc-col widget_block\">\n<div class=\"dslc-widget-wrap\"><\/div>\n<\/div>\n<div id=\"block-3\" class=\"dslc-widget dslc-col widget_block\">\n<div class=\"dslc-widget-wrap\"><\/div>\n<\/div>\n<div id=\"block-4\" class=\"dslc-widget dslc-col widget_block\">\n<div class=\"dslc-widget-wrap\"><\/div>\n<\/div>\n<div id=\"sow-image-104\" class=\"dslc-widget dslc-col widget_sow-image\">\n<div class=\"dslc-widget-wrap\">\n<div\n\t\t\t\n\t\t\tclass=\"so-widget-sow-image so-widget-sow-image-default-8b5b6f678277\"\n\t\t\t\n\t\t><\/p>\n<div class=\"sow-image-container\">\n\t\t\t<a href=\"https:\/\/www.instagram.com\/utilar_rolante?utm_source=qr&#038;igsh=ZmF4cHhyZjZuZXEx\"\n\t\t\ttarget=\"_blank\" rel=\"noopener noreferrer\" \t\t><br \/>\n\t\t\t<img \n\tsrc=\"http:\/\/sol.fm.br\/radio\/wp-content\/uploads\/2025\/06\/UTILAR.jpeg\" width=\"1080\" height=\"492\" srcset=\"http:\/\/sol.fm.br\/radio\/wp-content\/uploads\/2025\/06\/UTILAR.jpeg 1080w, http:\/\/sol.fm.br\/radio\/wp-content\/uploads\/2025\/06\/UTILAR-400x182.jpeg 400w, http:\/\/sol.fm.br\/radio\/wp-content\/uploads\/2025\/06\/UTILAR-768x350.jpeg 768w\" sizes=\"(max-width: 1080px) 100vw, 1080px\" alt=\"\" \t\tclass=\"so-widget-image\"\/><br \/>\n\t\t\t<\/a><\/div>\n<\/div>\n<\/div>\n<\/div>\n<div id=\"sow-image-109\" class=\"dslc-widget dslc-col widget_sow-image\">\n<div class=\"dslc-widget-wrap\">\n<div\n\t\t\t\n\t\t\tclass=\"so-widget-sow-image so-widget-sow-image-default-8b5b6f678277\"\n\t\t\t\n\t\t><\/p>\n<div class=\"sow-image-container\">\n\t\t<img \n\tsrc=\"http:\/\/sol.fm.br\/radio\/wp-content\/uploads\/2017\/07\/d4c46832c8bf9c5699ffdd668875f5f5.gif\" width=\"300\" height=\"96\" sizes=\"(max-width: 300px) 100vw, 300px\" alt=\"\" \t\tclass=\"so-widget-image\"\/>\n\t<\/div>\n<\/div>\n<\/div>\n<\/div><\/div>\n<\/p><\/div>\n<\/p><\/div>\n<p><!-- .dslc-module -->\n\t\t<\/div>\n<\/div>\n<\/div>\n<div  class=\"dslc-modules-section  dslc-valign-  dslc-halign- \" style=\"padding-bottom:40px;padding-top:40px;background-color:#e3e2e2;\" data-section-id=\"8ab93afdbbe\">\n<div class=\"dslc-modules-section-wrapper dslc-clearfix\">\n<style type=\"text\/css\" id=\"dslca-modules-area-a8ce78b3ac8\">.dslc-modules-area[data-modules-area-id=\"a8ce78b3ac8\"] {:px;margin-bottom:0px;:px;border-width:0px;border-style:solid;border-top-style: hidden; border-right-style: hidden; border-bottom-style: hidden; border-left-style: hidden; }<\/style>\n<div  class=\"dslc-modules-area dslc-col dslc-6-col dslc-first-col dslc-valign-  dslc-halign- \" data-size=\"6\" data-valign=\"\" data-modules-area-id=\"a8ce78b3ac8\" >\n<div id=\"dslc-module-6b769a37c2e\" class=\"dslc-module-front dslc-module-DSLC_Html dslc-in-viewport-check dslc-in-viewport-anim-none  dslc-col dslc-12-col dslc-last-col  dslc-module-handle-like-regular \" data-module-id=\"6b769a37c2e\" data-module=\"DSLC_Html\" data-dslc-module-size=\"12\" data-dslc-anim=\"none\" data-dslc-anim-delay=\"\" data-dslc-anim-duration=\"650\"  data-dslc-anim-easing=\"ease\" data-dslc-preset=\"none\" >\n<div class=\"dslc-html-module-content\"><script async src=\"\/\/widget.horoscopovirtual.com.br\/js\/horoscopo.js?background=ffffff&color=d15f22&border=ffffff&text=585ca9&font=roboto\"><\/script><\/div>\n<\/p><\/div>\n<p><!-- .dslc-module --><\/p>\n<div id=\"dslc-module-e76e816cb8b\" class=\"dslc-module-front dslc-module-DSLC_Html dslc-in-viewport-check dslc-in-viewport-anim-none  dslc-col dslc-12-col dslc-last-col  dslc-module-handle-like-regular \" data-module-id=\"e76e816cb8b\" data-module=\"DSLC_Html\" data-dslc-module-size=\"12\" data-dslc-anim=\"none\" data-dslc-anim-delay=\"\" data-dslc-anim-duration=\"650\"  data-dslc-anim-easing=\"ease\" data-dslc-preset=\"none\" >\n<div class=\"dslc-html-module-content\"><iframe loading=\"lazy\" src=\"https:\/\/br.investingwidgets.com\/live-currency-cross-rates?theme=darkTheme&cols=bid,ask,last&pairs=1507,9419,1516\" width=\"100%\" height=\"250\n\" frameborder=\"0\" allowtransparency=\"true\" marginwidth=\"0\" marginheight=\"0\"><\/iframe><\/p>\n<div class=\"poweredBy\" style=\"font-family: Arial, Helvetica, sans-serif;\"><\/a><\/div>\n<\/div><\/div>\n<p><!-- .dslc-module -->\n\t\t<\/div>\n<style type=\"text\/css\" id=\"dslca-modules-area-8a98f91dc03\">.dslc-modules-area[data-modules-area-id=\"8a98f91dc03\"] {:px;margin-bottom:0px;:px;border-width:0px;border-style:solid;border-top-style: hidden; border-right-style: hidden; border-bottom-style: hidden; border-left-style: hidden; }<\/style>\n<div  class=\"dslc-modules-area dslc-col dslc-6-col dslc-last-col dslc-valign-  dslc-halign- \" data-size=\"6\" data-valign=\"\" data-modules-area-id=\"8a98f91dc03\" >\n<div id=\"dslc-module-ee222ebf192\" class=\"dslc-module-front dslc-module-DSLC_Html dslc-in-viewport-check dslc-in-viewport-anim-none  dslc-col dslc-12-col dslc-last-col  dslc-module-handle-like-regular \" data-module-id=\"ee222ebf192\" data-module=\"DSLC_Html\" data-dslc-module-size=\"12\" data-dslc-anim=\"none\" data-dslc-anim-delay=\"\" data-dslc-anim-duration=\"650\"  data-dslc-anim-easing=\"ease\" data-dslc-preset=\"none\" >\n<div class=\"dslc-html-module-content\"><iframe loading=\"lazy\" src=\"https:\/\/www.facebook.com\/plugins\/page.php?href=https%3A%2F%2Fwww.facebook.com%2FR%C3%A1dio-Sol-1073-FM-202457159959323%2F&tabs=timeline&width=400&height=750&small_header=true&adapt_container_width=true&hide_cover=true&show_facepile=true&appId=1108936902472927\" width=\"400\" height=\"750\" style=\"border:none;overflow:hidden\" scrolling=\"no\" frameborder=\"0\" allowTransparency=\"true\"><\/iframe><\/div>\n<\/p><\/div>\n<p><!-- .dslc-module -->\n\t\t<\/div>\n<\/div>\n<\/div>\n<\/div>\n<\/div><\/div>","protected":false},"excerpt":{"rendered":"<p>Reda\u00e7\u00e3o Sol FM<\/p>\n","protected":false},"author":2,"featured_media":0,"parent":0,"menu_order":0,"comment_status":"closed","ping_status":"closed","template":"","meta":{"footnotes":""},"class_list":["post-12623","page","type-page","status-publish","hentry"],"_links":{"self":[{"href":"http:\/\/sol.fm.br\/radio\/wp-json\/wp\/v2\/pages\/12623","targetHints":{"allow":["GET"]}}],"collection":[{"href":"http:\/\/sol.fm.br\/radio\/wp-json\/wp\/v2\/pages"}],"about":[{"href":"http:\/\/sol.fm.br\/radio\/wp-json\/wp\/v2\/types\/page"}],"author":[{"embeddable":true,"href":"http:\/\/sol.fm.br\/radio\/wp-json\/wp\/v2\/users\/2"}],"replies":[{"embeddable":true,"href":"http:\/\/sol.fm.br\/radio\/wp-json\/wp\/v2\/comments?post=12623"}],"version-history":[{"count":1,"href":"http:\/\/sol.fm.br\/radio\/wp-json\/wp\/v2\/pages\/12623\/revisions"}],"predecessor-version":[{"id":12624,"href":"http:\/\/sol.fm.br\/radio\/wp-json\/wp\/v2\/pages\/12623\/revisions\/12624"}],"wp:attachment":[{"href":"http:\/\/sol.fm.br\/radio\/wp-json\/wp\/v2\/media?parent=12623"}],"curies":[{"name":"wp","href":"https:\/\/api.w.org\/{rel}","templated":true}]}}